{"id":8456,"date":"2022-01-10T13:22:56","date_gmt":"2022-01-10T13:22:56","guid":{"rendered":"https:\/\/sasiko.eus\/?page_id=8456"},"modified":"2024-04-18T10:01:17","modified_gmt":"2024-04-18T10:01:17","slug":"sasiko-2","status":"publish","type":"page","link":"https:\/\/sasiko.eus\/es\/","title":{"rendered":"Sasiko"},"content":{"rendered":"<p>[vc_row css=\u00bb.vc_custom_1503929849687{background-image: url(https:\/\/sasiko.eus\/wp-content\/uploads\/2017\/08\/SASI-ARDI-BREBIS-sasiko.jpg?id=8180) !important;background-position: center !important;background-repeat: no-repeat !important;background-size: cover !important;}\u00bb][vc_column][rev_slider_vc alias=\u00bbsasiko-esp\u00bb][\/vc_column][\/vc_row][vc_row content_width=\u00bbgrid\u00bb anchor=\u00bbsasiardi\u00bb css=\u00bb.vc_custom_1512652925483{margin-top: 50px !important;padding-bottom: 80px !important;}\u00bb el_class=\u00bbedgtf-rev-content-class\u00bb][vc_column offset=\u00bbvc_col-lg-6&#8243; css=\u00bb.vc_custom_1512652704017{margin-top: 0px !important;padding-right: 30px !important;}\u00bb]\n<div class=\"edgtf-section-title edgtf-section-align-left\" style=\"font-size: 45px\">\n\t<span class=\"edgtf-section-number\">1\/<\/span> \tSasi ardi... <span class=\"edgtf-section-highlighted\" style=\"color: #ce0b42\">Una historia<\/span><\/div><div class=\"edgtf-separator-holder clearfix  edgtf-separator-left\">\n\t<div class=\"edgtf-separator\" style=\"border-color: #ce0b42;width: 65px;border-bottom-width: 4px;margin-top: 19px;margin-bottom: 17px\"><\/div>\n<\/div>\n[vc_empty_space height=\u00bb20px\u00bb][vc_column_text]<\/p>\n<p style=\"text-align: justify;\">Desde sus or\u00edgenes situados en los alrededores de las pe\u00f1as de Aia, y de Larrun (Lesaka, Oiartzun, Sara y Biriatu) la Sasi ardi o Mutur gorri se ha extendido por nuestros p\u00e1ramos y sotobosques.<\/p>\n<p style=\"text-align: justify;\">Junto a la Pottoka y la Betizu, componen el tridente para el mantenimiento de nuestro territorio y paisaje. En muchos caser\u00edos constitu\u00eda una reserva alimentaria y unos ingresos adicionales. Para la celebraci\u00f3n de las fiestas se eleg\u00eda el mejor \u201czikiro\u201d o \u201dcordero\u201d.<\/p>\n<p style=\"text-align: justify;\">Tras la intensificaci\u00f3n lechera de finales del siglo 20, se vi\u00f3 reemplazada y asimilada por la oveja Latxa, mas d\u00f3cil y sobre todo mas productiva.<\/p>\n<p style=\"text-align: justify;\">Al principio del siglo 21 se mencionaba a la Sasi ardi como una leyenda. Un trabajo riguroso sobre el patrimonio gen\u00e9tico y el modo de cr\u00eda tradicional fue llevado a cabo por un grupo de apasionados en recuperar la raza, constituy\u00e9ndose las distintas asociaciones de productores en los distintos territorios (Pa\u00eds Vasco, Nafarroa e Iparralde) y seguidamente su reconocimiento oficial como raza.<\/p>\n<p>[\/vc_column_text][vc_empty_space height=\u00bb20px\u00bb][\/vc_column][vc_column parallax=\u00bbcontent-moving\u00bb offset=\u00bbvc_col-lg-6&#8243; css=\u00bb.vc_custom_1516869719716{padding-top: 50px !important;}\u00bb]\n<div class=\"edgtf-section-title edgtf-section-align-left\" style=\"font-size: 40px\">\n\t\t Sasi ardi <span class=\"edgtf-section-highlighted\" style=\"color: #ce0b42\">La raza<\/span><\/div><div class=\"edgtf-separator-holder clearfix  edgtf-separator-left\">\n\t<div class=\"edgtf-separator\" style=\"border-color: #ce0b42;width: 65px;border-bottom-width: 4px;margin-top: 19px;margin-bottom: 17px\"><\/div>\n<\/div>\n\n<span class=\"edgtf-section-subtitle\" style=\"text-align:left;color:#303030\">\n\tComportamiento fugaz, rusticidad y car\u00e1cter maternal:hacia la recuperaci\u00f3n de su territorio<\/span>[vc_empty_space height=\u00bb37px\u00bb]<div class=\"edgtf-accordion-holder clearfix edgtf-accordion edgtf-initial edgtf-style-grey \">\n\t<h6 class=\"clearfix edgtf-title-holder\">\n\t<span class=\"edgtf-tab-title\">\n\t\t<span class=\"edgtf-tab-title-inner\">\n\t\t\tEFECTIVOS\t\t<\/span>\n\t<\/span>\n\t<span class=\"edgtf-accordion-mark\">\n\t\t<span class=\"edgtf-accordion-mark-icon\">\n\t\t\t<span class=\"fa fa-plus\"><\/span>\n\t\t\t<span class=\"fa fa-times\"><\/span>\n\t\t<\/span>\n\t<\/span>\n<\/h6>\n<div class=\"edgtf-accordion-content\">\n\t<div class=\"edgtf-accordion-content-inner\">\n\t\t[vc_column_text]<\/p>\n<p style=\"text-align: justify;\">Unos 1 500 ejemplares en el norte y el doble en la vertiente sur. De modo indicativo, solo en la vertiente norte o Iparralde hay unas 270 000 ovejas Manech tete rouge (Latxa cara rubia de Iparralde).<\/p>\n<p>[\/vc_column_text]\t<\/div>\n<\/div><h6 class=\"clearfix edgtf-title-holder\">\n\t<span class=\"edgtf-tab-title\">\n\t\t<span class=\"edgtf-tab-title-inner\">\n\t\t\tCARACTERISTICAS\t\t<\/span>\n\t<\/span>\n\t<span class=\"edgtf-accordion-mark\">\n\t\t<span class=\"edgtf-accordion-mark-icon\">\n\t\t\t<span class=\"fa fa-plus\"><\/span>\n\t\t\t<span class=\"fa fa-times\"><\/span>\n\t\t<\/span>\n\t<\/span>\n<\/h6>\n<div class=\"edgtf-accordion-content\">\n\t<div class=\"edgtf-accordion-content-inner\">\n\t\t[vc_column_text]<\/p>\n<p style=\"text-align: justify;\">Con su cabeza triangular, pelo rojo en su capa, orejas peque\u00f1as y miembros finos, la Sasi ardi es una oveja peque\u00f1a de 35\/40kg.<\/p>\n<p style=\"text-align: justify;\">Un est\u00e1ndar racial definido y consensuado por los ganaderos de las distintas asociaciones define las caracter\u00edsticas del animal.<\/p>\n<p style=\"text-align: justify;\">Su comportamiento fugaz y sus ansias por recorrer nuevos espacios hacen que sea una raza poco adaptable al confinamiento y a la intensificaci\u00f3n productiva.<\/p>\n<p style=\"text-align: justify;\">Con un buen instinto maternal, tras un parto f\u00e1cil protege a su cordero y lo cria sin dificultad.<\/p>\n<p>[\/vc_column_text]\t<\/div>\n<\/div><h6 class=\"clearfix edgtf-title-holder\">\n\t<span class=\"edgtf-tab-title\">\n\t\t<span class=\"edgtf-tab-title-inner\">\n\t\t\tMODO DE CRIA\t\t<\/span>\n\t<\/span>\n\t<span class=\"edgtf-accordion-mark\">\n\t\t<span class=\"edgtf-accordion-mark-icon\">\n\t\t\t<span class=\"fa fa-plus\"><\/span>\n\t\t\t<span class=\"fa fa-times\"><\/span>\n\t\t<\/span>\n\t<\/span>\n<\/h6>\n<div class=\"edgtf-accordion-content\">\n\t<div class=\"edgtf-accordion-content-inner\">\n\t\t[vc_column_text]<\/p>\n<p style=\"text-align: justify;\">El modo de cr\u00eda de la Sasi ardi es muy particular, debido a su car\u00e1cter poco gregario, observ\u00e1ndose la presencia de peque\u00f1os grupos dispersos en los matorrales y sotobosques, infrautilizadas actualmente. Es necesario un seguimiento del reba\u00f1o por parte del pastor con la ayuda de un buen perro.<\/p>\n<p style=\"text-align: justify;\">Los reba\u00f1os viven al aire libre la mayor parte del a\u00f1o y solo bajan a los caser\u00edos en el momento del parto. En estas condiciones la Sasi ardi goza de una alimentaci\u00f3n rica y variada : hierba, brezo, zarza, bellotas, casta\u00f1as\u2026<\/p>\n<p>[\/vc_column_text]\t<\/div>\n<\/div><\/div>[vc_single_image image=\u00bb8254&#8243; img_size=\u00bbfull\u00bb css=\u00bb.vc_custom_1516869904893{padding-top: 25px !important;}\u00bb][\/vc_column][\/vc_row][vc_row row_type=\u00bbparallax\u00bb anchor=\u00bbsasiardi\u00bb full_screen_section_height=\u00bbno\u00bb css=\u00bb.vc_custom_1512652820599{padding-top: 450px !important;padding-bottom: 150px !important;background-position: center !important;background-repeat: no-repeat !important;background-size: cover !important;}\u00bb parallax_background_image=\u00bb8180&#8243;][vc_column][\/vc_column][\/vc_row][vc_row content_width=\u00bbgrid\u00bb anchor=\u00bbassociation\u00bb enable_cut_off_effect=\u00bbyes\u00bb cut_off_effect_top=\u00bbdeep\u00bb cut_off_effect_background=\u00bb#ffffff\u00bb][vc_column width=\u00bb1\/2&#8243; offset=\u00bbvc_col-lg-6 vc_col-md-12&#8243; css=\u00bb.vc_custom_1512652795712{margin-top: -50px !important;}\u00bb]\n<div class=\"edgtf-section-title edgtf-section-align-left\" style=\"font-size: 45px\">\n\t<span class=\"edgtf-section-number\">2\/<\/span> \tNosotros... <span class=\"edgtf-section-highlighted\" style=\"color: #ce0b42\">Pastores<\/span><\/div><div class=\"edgtf-separator-holder clearfix  edgtf-separator-left\">\n\t<div class=\"edgtf-separator\" style=\"margin-top: 23px;margin-bottom: 17px\"><\/div>\n<\/div>\n[vc_column_text]<\/p>\n<p style=\"text-align: justify;\">Cada territorio tiene su asociaci\u00f3n :<br \/>\n&#8211; <strong>Sasi artalde<\/strong> en Iparralde (Baja Navarra, Lapurdi y Zuberoa) fue creada en 2014 y reune unos 20 ganaderos,<br \/>\n&#8211; <strong>Sasiko<\/strong> en Nafarroa fue creada en 2006 y reune unos 20 ganaderos,<br \/>\n&#8211; <strong>Euskadiko Sasi Ardi Federazioa<\/strong> en Euskadi (Gip\u00fazcoa, Alava y Vizcaya) fue creada en 2007 y reune unos 30 ganaderos.<\/p>\n<p>[\/vc_column_text][vc_empty_space height=\u00bb16px\u00bb][vc_column_text]<\/p>\n<p style=\"text-align: justify;\">Los pastores tratan de conservar las particularidades de esta raza : cr\u00eda en extensivo, en su medio natural.<\/p>\n<p>[\/vc_column_text][vc_column_text]<\/p>\n<p style=\"text-align: justify;\">La asociaci\u00f3n Sasi Artalde ha sido recompensada varias veces por ello, y en 2017 se le otorg\u00f3 el primer premio del concurso de la Fundaci\u00f3n del Patrimonio para la Agrodiversidad Animal, en el sal\u00f3n de agricultura de Par\u00eds.<\/p>\n<p>[\/vc_column_text][\/vc_column][vc_column width=\u00bb1\/2&#8243; offset=\u00bbvc_col-lg-6 vc_col-md-12&#8243; css=\u00bb.vc_custom_1509047999888{padding-top: 60px !important;padding-right: 50px !important;padding-bottom: 60px !important;padding-left: 50px !important;background-color: #f7f7f7 !important;}\u00bb]<div class=\"edgtf-iwt clearfix edgtf-iwt-left-from-title edgtf-iwt-icon-tiny\">\n    <div class=\"edgtf-iwt-content-holder\">\n        <div class=\"edgtf-iwt-icon-title-holder\">\n            <div class=\"edgtf-iwt-icon-holder\" >\n                                    \n    <span class=\"edgtf-icon-shortcode square\" style=\"width: 40px;height: 40px;line-height: 40px;background-color: #ce0b42;border-color: #0000ff\" data-color=\"#ffffff\">\n        \n        <i class=\"edgtf-icon-font-awesome fa  edgtf-icon-element\" style=\"color: #ffffff;font-size:21px\" ><\/i>\n            <\/span>\n\n                            <\/div>\n            <div class=\"edgtf-iwt-title-holder\">\n                <h4 >Conservaci\u00f3n de la raza<\/h4>\n            <\/div>\n        <\/div>\n        <div class=\"edgtf-iwt-text-holder\">\n            <p >Tras la aportaci\u00f3n de un documento para el reconocimiento oficial de la raza, \u00e9sta es reconocida por el ministerio de agricultura. Posteriormente se crea un organismo de selecci\u00f3n para gestionar el programa de selecci\u00f3n de la raza.<\/p>\n\n                    <\/div>\n    <\/div>\n<\/div><div class=\"edgtf-iwt clearfix edgtf-iwt-left-from-title edgtf-iwt-icon-tiny\">\n    <div class=\"edgtf-iwt-content-holder\">\n        <div class=\"edgtf-iwt-icon-title-holder\">\n            <div class=\"edgtf-iwt-icon-holder\" >\n                                    \n    <span class=\"edgtf-icon-shortcode square\" style=\"width: 40px;height: 40px;line-height: 40px;background-color: #ce0b42;border-color: #0000ff\" data-color=\"#ffffff\">\n        \n        <i class=\"edgtf-icon-font-awesome fa  edgtf-icon-element\" style=\"color: #ffffff;font-size:29px\" ><\/i>\n            <\/span>\n\n                            <\/div>\n            <div class=\"edgtf-iwt-title-holder\">\n                <h4 >Valorizaci\u00f3n econ\u00f3mica<\/h4>\n            <\/div>\n        <\/div>\n        <div class=\"edgtf-iwt-text-holder\">\n            <p >Para atraer a nuevos productores y aumentar el censo de la raza, \u00e9sta ha de ser viable. Los pastores trabajan en este aspecto mediante acciones de comunicaci\u00f3n y promoci\u00f3n sobre 2 productos comerciales registrados sobre la marca \u201cSasiko\u201d : el zikiro y el cordero.<\/p>\n\n                    <\/div>\n    <\/div>\n<\/div><div class=\"edgtf-iwt clearfix edgtf-iwt-left-from-title edgtf-iwt-icon-tiny\">\n    <div class=\"edgtf-iwt-content-holder\">\n        <div class=\"edgtf-iwt-icon-title-holder\">\n            <div class=\"edgtf-iwt-icon-holder\" >\n                                    \n    <span class=\"edgtf-icon-shortcode square\" style=\"width: 40px;height: 40px;line-height: 40px;background-color: #ce0b42;border-color: #0000ff\" data-color=\"#ffffff\">\n        \n        <i class=\"edgtf-icon-font-awesome fa  edgtf-icon-element\" style=\"color: #ffffff;font-size:29px\" ><\/i>\n            <\/span>\n\n                            <\/div>\n            <div class=\"edgtf-iwt-title-holder\">\n                <h4 >Cooperaci\u00f3n transfronteriza<\/h4>\n            <\/div>\n        <\/div>\n        <div class=\"edgtf-iwt-text-holder\">\n            <p >Al presentarse la raza en ambos lados de la frontera, hay una voluntad real por parte de los productores de trabajar conjuntamente tanto sobre la gen\u00e9tica (est\u00e1ndar racial com\u00fan en la raza) como sobre la valorizaci\u00f3n econ\u00f3mica de sus productos.<\/p>\n\n                    <\/div>\n    <\/div>\n<\/div>[\/vc_column][\/vc_row][vc_row row_type=\u00bbparallax\u00bb anchor=\u00bbsasiko\u00bb full_screen_section_height=\u00bbno\u00bb css=\u00bb.vc_custom_1503931778657{padding-top: 450px !important;background-position: center !important;background-repeat: no-repeat !important;background-size: cover !important;}\u00bb parallax_background_image=\u00bb8186&#8243;][vc_column][\/vc_column][\/vc_row][vc_row content_width=\u00bbgrid\u00bb enable_cut_off_effect=\u00bbyes\u00bb cut_off_effect_top=\u00bbdeep\u00bb css=\u00bb.vc_custom_1503931772794{padding-top: 60px !important;padding-bottom: 60px !important;}\u00bb el_class=\u00bbedgtf-rev-content-class\u00bb cut_off_effect_background=\u00bb#ffffff\u00bb][vc_column width=\u00bb1\/2&#8243; css=\u00bb.vc_custom_1503928270077{margin-top: -180px !important;}\u00bb]\n<div class=\"edgtf-section-title edgtf-section-align-left\" style=\"font-size: 45px\">\n\t<span class=\"edgtf-section-number\">3\/<\/span> \tLa carne <span class=\"edgtf-section-highlighted\" style=\"color: #ce0b42\">Sasiko<\/span><\/div><div class=\"edgtf-separator-holder clearfix  edgtf-separator-left\">\n\t<div class=\"edgtf-separator\" style=\"margin-top: 23px;margin-bottom: 25px\"><\/div>\n<\/div>\n\n<span class=\"edgtf-section-subtitle\" style=\"text-align:left;color:#303030\">\n\tDos productos estrella: Cordero y Zikiro<\/span>[vc_empty_space height=\u00bb30px\u00bb][vc_empty_space height=\u00bb15px\u00bb][vc_column_text]<\/p>\n<p style=\"text-align: justify;\">La carne Sasiko responde a un pliegue de condiciones preciso en cuanto a las condiciones de cr\u00eda y tambi\u00e9n en la terminaci\u00f3n del producto. La Sasi ardi se cr\u00eda al aire libre, casi \u00edntegramente y con un m\u00ednimo de 6 meses anuales libres en zona de monta\u00f1a (matorrales, sotobosque\u2026) del territorio. Adem\u00e1s el Zikiro, (macho castrado), vive en libertad un m\u00ednimo de 2 a\u00f1os y medio.<\/p>\n<p style=\"text-align: justify;\">Durante ese periodo, la alimentaci\u00f3n de la Sasi ardi es rica y variada, compuesta principalmente por la flora que encuentran en el monte : hierba, brezo, zarza, bellotas, casta\u00f1as\u2026 Durante el periodo de los partos y terminaci\u00f3n del producto, se puede complementar a los animales con heno y cereales, no estando permitidos los forrajes fermentados ni los alimentos OGM.<\/p>\n<p style=\"text-align: justify;\">Este modo de cr\u00eda le otorga a la carne de Sasi ardi unas cualidades gustativas reconocidas. La carne de Sasi ardi presenta un gusto fino y delicado con un marmoreado desarrollado. Su textura tierna y, que se funde en la boca es el resultado de un crecimiento lento de los animales.<\/p>\n<p style=\"text-align: justify;\">El sello de la marca SASIKO sobre la canal de la carne garantiza al consumidor el cumplimiento del pliego de condiciones.<\/p>\n<p>[\/vc_column_text][\/vc_column][vc_column width=\u00bb1\/2&#8243;][vc_single_image image=\u00bb8183&#8243; img_size=\u00bbfull\u00bb][vc_empty_space height=\u00bb30px\u00bb][\/vc_column][\/vc_row][vc_row content_width=\u00bbgrid\u00bb css=\u00bb.vc_custom_1509050267768{padding-top: 40px !important;padding-bottom: 40px !important;background-color: #f7f7f7 !important;}\u00bb][vc_column offset=\u00bbvc_col-lg-12&#8243;]<div class=\"edgtf-elements-holder edgtf-two-columns edgtf-responsive-mode-768\" ><div class=\"edgtf-elements-holder-item edgtf-eh-with-border edgtf-fade-in\" data-animation=\"edgtf-fade-in\" style=\"border-color:#ebebeb;border-width:1px\">\n\t\t<div class=\"edgtf-elements-holder-item-inner\">\n\t\t<div class=\"edgtf-elements-holder-item-content edgtf-elements-holder-custom-613796\" style=\"padding: 7% 21% \">\n\t\t\t\t\t\t<style type=\"text\/css\" data-type=\"edgtf-elements-custom-padding\" scoped>\n\t\t\t\t\t\t\t\t\t@media only screen and (min-width: 1280px) and (max-width: 1440px) {\n\t\t\t\t\t\t.edgtf-elements-holder-item-content.edgtf-elements-holder-custom-613796 {\n\t\t\t\t\t\t\tpadding: 17% 13% !important;\n\t\t\t\t\t\t}\n\t\t\t\t\t}\n\t\t\t\t\t\t\t\t\t\t\t\t\t@media only screen and (min-width: 1024px) and (max-width: 1280px) {\n\t\t\t\t\t\t.edgtf-elements-holder-item-content.edgtf-elements-holder-custom-613796 {\n\t\t\t\t\t\t\tpadding: 17% 10% !important;\n\t\t\t\t\t\t}\n\t\t\t\t\t}\n\t\t\t\t\t\t\t\t\t\t\t\t\t@media only screen and (min-width: 768px) and (max-width: 1024px) {\n\t\t\t\t\t\t.edgtf-elements-holder-item-content.edgtf-elements-holder-custom-613796 {\n\t\t\t\t\t\t\tpadding: 19% 10% !important;\n\t\t\t\t\t\t}\n\t\t\t\t\t}\n\t\t\t\t\t\t\t\t\t\t\t\t\t@media only screen and (min-width: 600px) and (max-width: 768px) {\n\t\t\t\t\t\t.edgtf-elements-holder-item-content.edgtf-elements-holder-custom-613796 {\n\t\t\t\t\t\t\tpadding: 15% 29% 15% 19% !important;\n\t\t\t\t\t\t}\n\t\t\t\t\t}\n\t\t\t\t\t\t\t\t\t\t\t\t\t@media only screen and (min-width: 480px) and (max-width: 600px) {\n\t\t\t\t\t\t.edgtf-elements-holder-item-content.edgtf-elements-holder-custom-613796 {\n\t\t\t\t\t\t\tpadding: 20% 14% !important;\n\t\t\t\t\t\t}\n\t\t\t\t\t}\n\t\t\t\t\t\t\t\t\t\t\t\t\t@media only screen and (max-width: 480px) {\n\t\t\t\t\t\t.edgtf-elements-holder-item-content.edgtf-elements-holder-custom-613796 {\n\t\t\t\t\t\t\tpadding: 20% 14% !important;\n\t\t\t\t\t\t}\n\t\t\t\t\t}\n\t\t\t\t\t\t\t\t<\/style>\n\t\t\t\t\t\t[vc_column_text]<\/p>\n<h2>Cordero.<\/h2>\n<p>[\/vc_column_text]<div class=\"edgtf-separator-holder clearfix  edgtf-separator-left\">\n\t<div class=\"edgtf-separator\" style=\"border-color: #ce0b42;margin-top: 20px;margin-bottom: 17px\"><\/div>\n<\/div>\n\n<span class=\"edgtf-section-subtitle\" style=\"text-align:left\">\n\t- Criados con la madre con leche materna <\/span>\n<span class=\"edgtf-section-subtitle\" style=\"text-align:left\">\n\t- Edad : Entre 2,5 y 4 meses<\/span>\n<span class=\"edgtf-section-subtitle\" style=\"text-align:left\">\n\t- Peso : Entre 8,5 y 12,5 kg<\/span>\n<span class=\"edgtf-section-subtitle\" style=\"text-align:left\">\n\t- Venta : de febrero a julio <\/span>[vc_empty_space height=\u00bb16px\u00bb]\t\t<\/div>\n\t<\/div>\n<\/div><div class=\"edgtf-elements-holder-item edgtf-eh-with-border edgtf-fade-in\" data-animation=\"edgtf-fade-in\" style=\"border-color:#ebebeb;border-width:1px\">\n\t\t<div class=\"edgtf-elements-holder-item-inner\">\n\t\t<div class=\"edgtf-elements-holder-item-content edgtf-elements-holder-custom-767241\" style=\"padding: 7% 21%\">\n\t\t\t\t\t\t<style type=\"text\/css\" data-type=\"edgtf-elements-custom-padding\" scoped>\n\t\t\t\t\t\t\t\t\t@media only screen and (min-width: 1280px) and (max-width: 1440px) {\n\t\t\t\t\t\t.edgtf-elements-holder-item-content.edgtf-elements-holder-custom-767241 {\n\t\t\t\t\t\t\tpadding: 17% 13% !important;\n\t\t\t\t\t\t}\n\t\t\t\t\t}\n\t\t\t\t\t\t\t\t\t\t\t\t\t@media only screen and (min-width: 1024px) and (max-width: 1280px) {\n\t\t\t\t\t\t.edgtf-elements-holder-item-content.edgtf-elements-holder-custom-767241 {\n\t\t\t\t\t\t\tpadding: 17% 10% !important;\n\t\t\t\t\t\t}\n\t\t\t\t\t}\n\t\t\t\t\t\t\t\t\t\t\t\t\t@media only screen and (min-width: 768px) and (max-width: 1024px) {\n\t\t\t\t\t\t.edgtf-elements-holder-item-content.edgtf-elements-holder-custom-767241 {\n\t\t\t\t\t\t\tpadding: 19% 10% !important;\n\t\t\t\t\t\t}\n\t\t\t\t\t}\n\t\t\t\t\t\t\t\t\t\t\t\t\t@media only screen and (min-width: 600px) and (max-width: 768px) {\n\t\t\t\t\t\t.edgtf-elements-holder-item-content.edgtf-elements-holder-custom-767241 {\n\t\t\t\t\t\t\tpadding: 15% 29% 15% 19% !important;\n\t\t\t\t\t\t}\n\t\t\t\t\t}\n\t\t\t\t\t\t\t\t\t\t\t\t\t@media only screen and (min-width: 480px) and (max-width: 600px) {\n\t\t\t\t\t\t.edgtf-elements-holder-item-content.edgtf-elements-holder-custom-767241 {\n\t\t\t\t\t\t\tpadding: 20% 14% !important;\n\t\t\t\t\t\t}\n\t\t\t\t\t}\n\t\t\t\t\t\t\t\t\t\t\t\t\t@media only screen and (max-width: 480px) {\n\t\t\t\t\t\t.edgtf-elements-holder-item-content.edgtf-elements-holder-custom-767241 {\n\t\t\t\t\t\t\tpadding: 20% 14%  !important;\n\t\t\t\t\t\t}\n\t\t\t\t\t}\n\t\t\t\t\t\t\t\t<\/style>\n\t\t\t\t\t\t[vc_column_text]<\/p>\n<h2>Zikiro.<\/h2>\n<p>[\/vc_column_text]<div class=\"edgtf-separator-holder clearfix  edgtf-separator-left\">\n\t<div class=\"edgtf-separator\" style=\"border-color: #ce0b42;margin-top: 20px;margin-bottom: 17px\"><\/div>\n<\/div>\n\n<span class=\"edgtf-section-subtitle\" style=\"text-align:left\">\n\t- \u00ab Mouton \u00bb : Macho castrado<\/span>\n<span class=\"edgtf-section-subtitle\" style=\"text-align:left\">\n\t- Edad : Entre 2,5 y 3,5 a\u00f1os<\/span>\n<span class=\"edgtf-section-subtitle\" style=\"text-align:left\">\n\t- Peso : Entre 19 y 26 kg<\/span>\n<span class=\"edgtf-section-subtitle\" style=\"text-align:left\">\n\t- Venta : Todo el a\u00f1o<\/span>[vc_empty_space height=\u00bb16px\u00bb]\t\t<\/div>\n\t<\/div>\n<\/div><\/div>[\/vc_column][\/vc_row][vc_row content_width=\u00bbgrid\u00bb content_aligment=\u00bbcenter\u00bb css=\u00bb.vc_custom_1509050339255{padding-top: 60px !important;padding-bottom: 60px !important;}\u00bb][vc_column]\n<div class=\"edgtf-section-title edgtf-section-align-left\" >\n\t\t\u00bfD\u00f3nde encontrar carne Sasi marca \u201cSasiko\u201d?<\/div>\n<span class=\"edgtf-section-subtitle\" style=\"text-align:left\">\n\t<\/span><div class=\"edgtf-separator-holder clearfix  edgtf-separator-left\">\n\t<div class=\"edgtf-separator\" style=\"margin-top: 23px;margin-bottom: 25px\"><\/div>\n<\/div>\n[vc_row_inner][vc_column_inner width=\u00bb1\/3&#8243;][vc_column_text]<\/p>\n<h3>Carnicer\u00edas y comercios<\/h3>\n<p>[\/vc_column_text]<div class=\"edgtf-separator-holder clearfix  edgtf-separator-left\">\n\t<div class=\"edgtf-separator\" style=\"border-color: #f7f7f7;width: 55px;border-bottom-width: 3px;margin-top: 12px;margin-bottom: 32px\"><\/div>\n<\/div>\n[vc_column_text]<\/p>\n<p class=\"p1\">&#8211; Carniceria Hiriart-Solet en Hazparne<\/p>\n<p>[\/vc_column_text][\/vc_column_inner][vc_column_inner width=\u00bb1\/3&#8243;][vc_column_text]<\/p>\n<h3>Restaurantes<\/h3>\n<h4>(puntualmente a la carta)<\/h4>\n<p>[\/vc_column_text]<div class=\"edgtf-separator-holder clearfix  edgtf-separator-left\">\n\t<div class=\"edgtf-separator\" style=\"border-color: #f7f7f7;width: 55px;border-bottom-width: 3px;margin-top: 12px;margin-bottom: 32px\"><\/div>\n<\/div>\n[vc_column_text]<\/p>\n<p class=\"p1\">&#8211; Epoq en Miarritze<\/p>\n<p class=\"p1\">&#8211; Artzain en Irisarri<\/p>\n<p class=\"p1\">&#8211; Etchebarne en Lekorne<\/p>\n<p class=\"p1\">&#8211; Haize Hegoa en Itsasu<\/p>\n<p class=\"p1\">&#8211; Bar Basque en Donibane Lohizune<\/p>\n<p class=\"p1\">&#8211; SARL de Jolivet en Mauges-sur-Loire<\/p>\n<p>[\/vc_column_text][\/vc_column_inner][vc_column_inner width=\u00bb1\/3&#8243;][vc_column_text]<\/p>\n<h3>Venta directa<\/h3>\n<p>[\/vc_column_text]<div class=\"edgtf-separator-holder clearfix  edgtf-separator-left\">\n\t<div class=\"edgtf-separator\" style=\"border-color: #f7f7f7;width: 55px;border-bottom-width: 3px;margin-top: 12px;margin-bottom: 32px\"><\/div>\n<\/div>\n[vc_column_text]<\/p>\n<p class=\"p1\">&#8211; Panpi OLAIZOLA en Ezpeleta<\/p>\n<p class=\"p1\">&#8211; Mirentxu Mateo y Felipe De Oreguy en Irulegi<\/p>\n<p class=\"p1\">&#8211; Fran\u00e7ois AMESTOY en Makea<\/p>\n<p class=\"p1\">&#8211; Jean LASSALLE en Hazparne<\/p>\n<p class=\"p1\">&#8211; Pierre Marie GOSSELIN en Uhartehiri<\/p>\n<p class=\"p1\">&#8211; Sylvain HECQUET en Kanbo<\/p>\n<p class=\"p1\">&#8211; Argitxu y Estebe OURET en Aintzila<\/p>\n<p class=\"p1\">&#8211; Amaia LARRONDE y Bastien GARAT en Ligi-Atherei<\/p>\n<p>[\/vc_column_text][\/vc_column_inner][\/vc_row_inner][\/vc_column][\/vc_row][vc_row enable_cut_off_effect=\u00bbyes\u00bb cut_off_effect_bottom=\u00bbshallow\u00bb css=\u00bb.vc_custom_1509050820034{padding-top: 30px !important;padding-bottom: 30px !important;}\u00bb cut_off_effect_background=\u00bb#ffffff\u00bb][vc_column]<div class=\"edgtf-testimonials-holder clearfix\"><div class=\"edgtf-slick-slider-navigation-style edgtf-testimonials edgtf-testimonials-type-dekko\"  data-dots-navigation=\"false\"><div class=\"edgtf-testimonial-content edgtf-testimonials8503\">\n\t<div class=\"edgtf-testimonial-content-inner\">\n\t\t<span class=\"edgtf-testimonials-quotes\">&ldquo;<\/span>\n\t\t<div class=\"edgtf-testimonial-text-outer\">\n\t\t\t<p class=\"edgtf-testimonial-text\">Commercialiser cette viande c'est promouvoir une agriculture non intensive, \u00e0 petite \u00e9chelle et de qualit\u00e9.<\/p>\n\t\t<\/div>\n\t\t<div class=\"edgtf-separator-holder clearfix edgtf-separator-left\">\n\t\t\t<div class=\"edgtf-separator\"><\/div>\n\t\t<\/div>\n\t\t<div class=\"edgtf-testimonial-carousel-bottom\">\n\t\t\t\t\t\t\t\t\t\t<div class=\"edgtf-testimonial-author\">\n\t\t\t\t\t<span class=\"edgtf-testimonial-author-text\">\n\t\t\t\t\t\tM Hiriart-Solet\t\t\t\t\t<\/span>\n\t\t\t\t\t\t\t\t\t\t\t\/ <span class=\"edgtf-testimonials-job\">Boucher<\/span>\n\t\t\t\t\t\t\t\t\t<\/div>\n\t\t\t\t\t<\/div>\n\t<\/div>\n<\/div>\n<div class=\"edgtf-testimonial-content edgtf-testimonials8502\">\n\t<div class=\"edgtf-testimonial-content-inner\">\n\t\t<span class=\"edgtf-testimonials-quotes\">&ldquo;<\/span>\n\t\t<div class=\"edgtf-testimonial-text-outer\">\n\t\t\t<p class=\"edgtf-testimonial-text\">Une alliance surprenante de puissance et de d\u00e9licatesse, \u00e0 l'image des grands vins de Bourgogne<\/p>\n\t\t<\/div>\n\t\t<div class=\"edgtf-separator-holder clearfix edgtf-separator-left\">\n\t\t\t<div class=\"edgtf-separator\"><\/div>\n\t\t<\/div>\n\t\t<div class=\"edgtf-testimonial-carousel-bottom\">\n\t\t\t\t\t\t\t\t\t\t<div class=\"edgtf-testimonial-author\">\n\t\t\t\t\t<span class=\"edgtf-testimonial-author-text\">\n\t\t\t\t\t\tRestaurant L&#039;Impertinent\t\t\t\t\t<\/span>\n\t\t\t\t\t\t\t\t\t<\/div>\n\t\t\t\t\t<\/div>\n\t<\/div>\n<\/div>\n<div class=\"edgtf-testimonial-content edgtf-testimonials8501\">\n\t<div class=\"edgtf-testimonial-content-inner\">\n\t\t<span class=\"edgtf-testimonials-quotes\">&ldquo;<\/span>\n\t\t<div class=\"edgtf-testimonial-text-outer\">\n\t\t\t<p class=\"edgtf-testimonial-text\">Elev\u00e9e en pleine montagne la Sasi Ardi donne une viande rouge intense au coeur tendre et d\u00e9voile sa finesse en bouche<\/p>\n\t\t<\/div>\n\t\t<div class=\"edgtf-separator-holder clearfix edgtf-separator-left\">\n\t\t\t<div class=\"edgtf-separator\"><\/div>\n\t\t<\/div>\n\t\t<div class=\"edgtf-testimonial-carousel-bottom\">\n\t\t\t\t\t\t\t\t\t\t<div class=\"edgtf-testimonial-author\">\n\t\t\t\t\t<span class=\"edgtf-testimonial-author-text\">\n\t\t\t\t\t\tBoucherie Sage\t\t\t\t\t<\/span>\n\t\t\t\t\t\t\t\t\t<\/div>\n\t\t\t\t\t<\/div>\n\t<\/div>\n<\/div>\n<div class=\"edgtf-testimonial-content edgtf-testimonials8500\">\n\t<div class=\"edgtf-testimonial-content-inner\">\n\t\t<span class=\"edgtf-testimonials-quotes\">&ldquo;<\/span>\n\t\t<div class=\"edgtf-testimonial-text-outer\">\n\t\t\t<p class=\"edgtf-testimonial-text\">Cette viande est un fleuron gastronomique digne d'honorer les plus grandes tables<\/p>\n\t\t<\/div>\n\t\t<div class=\"edgtf-separator-holder clearfix edgtf-separator-left\">\n\t\t\t<div class=\"edgtf-separator\"><\/div>\n\t\t<\/div>\n\t\t<div class=\"edgtf-testimonial-carousel-bottom\">\n\t\t\t\t\t\t\t\t\t\t<div class=\"edgtf-testimonial-author\">\n\t\t\t\t\t<span class=\"edgtf-testimonial-author-text\">\n\t\t\t\t\t\tP\u00e9rico L\u00e9gasse\t\t\t\t\t<\/span>\n\t\t\t\t\t\t\t\t\t\t\t\/ <span class=\"edgtf-testimonials-job\">Critique gastronomique<\/span>\n\t\t\t\t\t\t\t\t\t<\/div>\n\t\t\t\t\t<\/div>\n\t<\/div>\n<\/div>\n<div class=\"edgtf-testimonial-content edgtf-testimonials8499\">\n\t<div class=\"edgtf-testimonial-content-inner\">\n\t\t<span class=\"edgtf-testimonials-quotes\">&ldquo;<\/span>\n\t\t<div class=\"edgtf-testimonial-text-outer\">\n\t\t\t<p class=\"edgtf-testimonial-text\">Cette viande est un fleuron gastronomique digne d'honorer les plus grandes tables<\/p>\n\t\t<\/div>\n\t\t<div class=\"edgtf-separator-holder clearfix edgtf-separator-left\">\n\t\t\t<div class=\"edgtf-separator\"><\/div>\n\t\t<\/div>\n\t\t<div class=\"edgtf-testimonial-carousel-bottom\">\n\t\t\t\t\t\t\t\t\t\t<div class=\"edgtf-testimonial-author\">\n\t\t\t\t\t<span class=\"edgtf-testimonial-author-text\">\n\t\t\t\t\t\tP\u00e9rico L\u00e9gasse\t\t\t\t\t<\/span>\n\t\t\t\t\t\t\t\t\t\t\t\/ <span class=\"edgtf-testimonials-job\">Critique gastronomique<\/span>\n\t\t\t\t\t\t\t\t\t<\/div>\n\t\t\t\t\t<\/div>\n\t<\/div>\n<\/div>\n<div class=\"edgtf-testimonial-content edgtf-testimonials8498\">\n\t<div class=\"edgtf-testimonial-content-inner\">\n\t\t<span class=\"edgtf-testimonials-quotes\">&ldquo;<\/span>\n\t\t<div class=\"edgtf-testimonial-text-outer\">\n\t\t\t<p class=\"edgtf-testimonial-text\">Proposer du zikiro de sasi ardi \u00e0 Haraneko Borda ce n'est pas seulement une d\u00e9marche qui vise \u00e0 faire d\u00e9couvrir la biodiversit\u00e9 agricole du Pays Basque, c'est aussi offrir un produit de haute valeur, une qualit\u00e9 de viande exceptionnelle, persill\u00e9e, savoureuse et unique en son genre<\/p>\n\t\t<\/div>\n\t\t<div class=\"edgtf-separator-holder clearfix edgtf-separator-left\">\n\t\t\t<div class=\"edgtf-separator\"><\/div>\n\t\t<\/div>\n\t\t<div class=\"edgtf-testimonial-carousel-bottom\">\n\t\t\t\t\t\t\t\t\t\t<div class=\"edgtf-testimonial-author\">\n\t\t\t\t\t<span class=\"edgtf-testimonial-author-text\">\n\t\t\t\t\t\tChristian Aguerre\t\t\t\t\t<\/span>\n\t\t\t\t\t\t\t\t\t<\/div>\n\t\t\t\t\t<\/div>\n\t<\/div>\n<\/div>\n<\/div><\/div>[\/vc_column][\/vc_row][vc_row row_type=\u00bbparallax\u00bb full_screen_section_height=\u00bbno\u00bb css=\u00bb.vc_custom_1512657548158{padding-top: 450px !important;background-position: center !important;background-repeat: no-repeat !important;background-size: cover !important;}\u00bb parallax_background_image=\u00bb8246&#8243;][vc_column][\/vc_column][\/vc_row][vc_row content_width=\u00bbgrid\u00bb anchor=\u00bbgalerie\u00bb enable_cut_off_effect=\u00bbyes\u00bb cut_off_effect_top=\u00bbshallow\u00bb cut_off_effect_bottom=\u00bbshallow\u00bb css=\u00bb.vc_custom_1503931556183{padding-top: 60px !important;padding-bottom: 60px !important;background-color: #f9f9f9 !important;}\u00bb cut_off_effect_background=\u00bb#f9f9f9&#8243;][vc_column]\n<div class=\"edgtf-section-title edgtf-section-align-left\" style=\"font-size: 45px\">\n\t<span class=\"edgtf-section-number\">4\/<\/span> \tSasiko <span class=\"edgtf-section-highlighted\" style=\"color: #ce0b42\">En im\u00e1genes<\/span><\/div><div class=\"edgtf-separator-holder clearfix  edgtf-separator-left\">\n\t<div class=\"edgtf-separator\" style=\"margin-top: 23px;margin-bottom: 25px\"><\/div>\n<\/div>\n<div class=\"edgtf-image-gallery\">\n\t<div class=\"edgtf-image-gallery-grid edgtf-gallery-columns-4 edgtf-gallery-with-space clearfix\" >\n\t\t\t\t\t<div class=\"edgtf-gallery-image\">\n\t\t\t\t\t\t\t\t\t<a href=\"https:\/\/sasiko.eus\/wp-content\/uploads\/2017\/08\/SASIKO-ARGAZKI-2.jpg\" data-rel=\"prettyPhoto[single_pretty_photo]\" title=\"SASIKO-ARGAZKI-2\">\n\t\t\t\t\t\t\t\t\t<div class=\"edgtf-ig-image-holder\">\n\t\t\t\t\t\t\t\t\t\t\t\t\t<img src=\"https:\/\/sasiko.eus\/wp-content\/uploads\/2017\/08\/SASIKO-ARGAZKI-2-300x300.jpg\" alt=\"\" width=\"300\" height=\"300\" \/>\t\t\t\t\t\t\t\t\t\t\t<\/div>\n\t\t\t\t\t\t\t\t\t<\/a>\n\t\t\t\t\t\t\t<\/div>\n\t\t\t\t\t<div class=\"edgtf-gallery-image\">\n\t\t\t\t\t\t\t\t\t<a href=\"https:\/\/sasiko.eus\/wp-content\/uploads\/2017\/08\/SASIKO-ARGAZKI-4.jpg\" data-rel=\"prettyPhoto[single_pretty_photo]\" title=\"SASIKO-ARGAZKI-4\">\n\t\t\t\t\t\t\t\t\t<div class=\"edgtf-ig-image-holder\">\n\t\t\t\t\t\t\t\t\t\t\t\t\t<img src=\"https:\/\/sasiko.eus\/wp-content\/uploads\/2017\/08\/SASIKO-ARGAZKI-4-300x300.jpg\" alt=\"\" width=\"300\" height=\"300\" \/>\t\t\t\t\t\t\t\t\t\t\t<\/div>\n\t\t\t\t\t\t\t\t\t<\/a>\n\t\t\t\t\t\t\t<\/div>\n\t\t\t\t\t<div class=\"edgtf-gallery-image\">\n\t\t\t\t\t\t\t\t\t<a href=\"https:\/\/sasiko.eus\/wp-content\/uploads\/2017\/08\/SASIKO-ARGAZKI-3.jpg\" data-rel=\"prettyPhoto[single_pretty_photo]\" title=\"SASIKO-ARGAZKI-3\">\n\t\t\t\t\t\t\t\t\t<div class=\"edgtf-ig-image-holder\">\n\t\t\t\t\t\t\t\t\t\t\t\t\t<img src=\"https:\/\/sasiko.eus\/wp-content\/uploads\/2017\/08\/SASIKO-ARGAZKI-3-300x300.jpg\" alt=\"\" width=\"300\" height=\"300\" \/>\t\t\t\t\t\t\t\t\t\t\t<\/div>\n\t\t\t\t\t\t\t\t\t<\/a>\n\t\t\t\t\t\t\t<\/div>\n\t\t\t\t\t<div class=\"edgtf-gallery-image\">\n\t\t\t\t\t\t\t\t\t<a href=\"https:\/\/sasiko.eus\/wp-content\/uploads\/2017\/08\/SASIKO-ARGAZKI-1.jpg\" data-rel=\"prettyPhoto[single_pretty_photo]\" title=\"SASIKO-ARGAZKI-1\">\n\t\t\t\t\t\t\t\t\t<div class=\"edgtf-ig-image-holder\">\n\t\t\t\t\t\t\t\t\t\t\t\t\t<img src=\"https:\/\/sasiko.eus\/wp-content\/uploads\/2017\/08\/SASIKO-ARGAZKI-1-300x300.jpg\" alt=\"\" width=\"300\" height=\"300\" \/>\t\t\t\t\t\t\t\t\t\t\t<\/div>\n\t\t\t\t\t\t\t\t\t<\/a>\n\t\t\t\t\t\t\t<\/div>\n\t\t\t\t\t<div class=\"edgtf-gallery-image\">\n\t\t\t\t\t\t\t\t\t<a href=\"https:\/\/sasiko.eus\/wp-content\/uploads\/2017\/08\/SASIKO-ARGAZKI-5.jpg\" data-rel=\"prettyPhoto[single_pretty_photo]\" title=\"SASIKO-ARGAZKI-5\">\n\t\t\t\t\t\t\t\t\t<div class=\"edgtf-ig-image-holder\">\n\t\t\t\t\t\t\t\t\t\t\t\t\t<img src=\"https:\/\/sasiko.eus\/wp-content\/uploads\/2017\/08\/SASIKO-ARGAZKI-5-300x300.jpg\" alt=\"\" width=\"300\" height=\"300\" \/>\t\t\t\t\t\t\t\t\t\t\t<\/div>\n\t\t\t\t\t\t\t\t\t<\/a>\n\t\t\t\t\t\t\t<\/div>\n\t\t\t\t\t<div class=\"edgtf-gallery-image\">\n\t\t\t\t\t\t\t\t\t<a href=\"https:\/\/sasiko.eus\/wp-content\/uploads\/2017\/08\/SASIKO-ARGAZKI-7.jpg\" data-rel=\"prettyPhoto[single_pretty_photo]\" title=\"SASIKO-ARGAZKI-7\">\n\t\t\t\t\t\t\t\t\t<div class=\"edgtf-ig-image-holder\">\n\t\t\t\t\t\t\t\t\t\t\t\t\t<img src=\"https:\/\/sasiko.eus\/wp-content\/uploads\/2017\/08\/SASIKO-ARGAZKI-7-300x300.jpg\" alt=\"\" width=\"300\" height=\"300\" \/>\t\t\t\t\t\t\t\t\t\t\t<\/div>\n\t\t\t\t\t\t\t\t\t<\/a>\n\t\t\t\t\t\t\t<\/div>\n\t\t\t\t\t<div class=\"edgtf-gallery-image\">\n\t\t\t\t\t\t\t\t\t<a href=\"https:\/\/sasiko.eus\/wp-content\/uploads\/2017\/08\/SASIKO-ARGAZKI-6.jpg\" data-rel=\"prettyPhoto[single_pretty_photo]\" title=\"SASIKO-ARGAZKI-6\">\n\t\t\t\t\t\t\t\t\t<div class=\"edgtf-ig-image-holder\">\n\t\t\t\t\t\t\t\t\t\t\t\t\t<img src=\"https:\/\/sasiko.eus\/wp-content\/uploads\/2017\/08\/SASIKO-ARGAZKI-6-300x300.jpg\" alt=\"\" width=\"300\" height=\"300\" \/>\t\t\t\t\t\t\t\t\t\t\t<\/div>\n\t\t\t\t\t\t\t\t\t<\/a>\n\t\t\t\t\t\t\t<\/div>\n\t\t\t\t\t<div class=\"edgtf-gallery-image\">\n\t\t\t\t\t\t\t\t\t<a href=\"https:\/\/sasiko.eus\/wp-content\/uploads\/2017\/08\/SASIKO-ARGAZKIA.jpg\" data-rel=\"prettyPhoto[single_pretty_photo]\" title=\"SASIKO-ARGAZKIA\">\n\t\t\t\t\t\t\t\t\t<div class=\"edgtf-ig-image-holder\">\n\t\t\t\t\t\t\t\t\t\t\t\t\t<img src=\"https:\/\/sasiko.eus\/wp-content\/uploads\/2017\/08\/SASIKO-ARGAZKIA-300x300.jpg\" alt=\"\" width=\"300\" height=\"300\" \/>\t\t\t\t\t\t\t\t\t\t\t<\/div>\n\t\t\t\t\t\t\t\t\t<\/a>\n\t\t\t\t\t\t\t<\/div>\n\t\t\t<\/div>\n<\/div>[\/vc_column][\/vc_row][vc_row content_width=\u00bbgrid\u00bb enable_cut_off_effect=\u00bbyes\u00bb cut_off_effect_top=\u00bbshallow\u00bb cut_off_effect_bottom=\u00bbshallow\u00bb css=\u00bb.vc_custom_1516873263577{padding-bottom: 100px !important;background-color: #f9f9f9 !important;}\u00bb cut_off_effect_background=\u00bb#f9f9f9&#8243;][vc_column][vc_row_inner][vc_column_inner width=\u00bb1\/2&#8243;][vc_video link=\u00bbhttps:\/\/www.youtube.com\/watch?v=t78Fl-gC1jk\u00bb][\/vc_column_inner][vc_column_inner width=\u00bb1\/2&#8243;][vc_single_image image=\u00bb8336&#8243; img_size=\u00bbfull\u00bb add_caption=\u00bbyes\u00bb onclick=\u00bbcustom_link\u00bb img_link_target=\u00bb_blank\u00bb link=\u00bbhttp:\/\/next.liberation.fr\/food\/2014\/10\/17\/sasi-ardi-revenons-a-nos-moutons_1124118&#8243; el_id=\u00bblibe\u00bb][\/vc_column_inner][\/vc_row_inner][\/vc_column][\/vc_row][vc_row row_type=\u00bbparallax\u00bb full_screen_section_height=\u00bbno\u00bb css=\u00bb.vc_custom_1503929485679{padding-top: 450px !important;background-position: center !important;background-repeat: no-repeat !important;background-size: cover !important;}\u00bb parallax_background_image=\u00bb8189&#8243;][vc_column][\/vc_column][\/vc_row][vc_row content_width=\u00bbgrid\u00bb anchor=\u00bbcontact\u00bb enable_cut_off_effect=\u00bbyes\u00bb cut_off_effect_top=\u00bbshallow\u00bb cut_off_effect_background=\u00bb#ffffff\u00bb css=\u00bb.vc_custom_1504214416668{margin-bottom: 40px !important;}\u00bb][vc_column offset=\u00bbvc_col-lg-6 vc_col-md-12&#8243;]<div class=\"edgtf-elements-holder edgtf-responsive-mode-768\" ><div class=\"edgtf-elements-holder-item \"  >\n\t\t<div class=\"edgtf-elements-holder-item-inner\">\n\t\t<div class=\"edgtf-elements-holder-item-content edgtf-elements-holder-custom-262509\" style=\"padding: 28px 13% 54px 0\">\n\t\t\t\t\t\t<style type=\"text\/css\" data-type=\"edgtf-elements-custom-padding\" scoped>\n\t\t\t\t\t\t\t\t\t@media only screen and (min-width: 1280px) and (max-width: 1440px) {\n\t\t\t\t\t\t.edgtf-elements-holder-item-content.edgtf-elements-holder-custom-262509 {\n\t\t\t\t\t\t\tpadding: 0px 13% 54px 0 !important;\n\t\t\t\t\t\t}\n\t\t\t\t\t}\n\t\t\t\t\t\t\t\t\t\t\t\t\t@media only screen and (min-width: 1024px) and (max-width: 1280px) {\n\t\t\t\t\t\t.edgtf-elements-holder-item-content.edgtf-elements-holder-custom-262509 {\n\t\t\t\t\t\t\tpadding: 0px 7% 29px 0 !important;\n\t\t\t\t\t\t}\n\t\t\t\t\t}\n\t\t\t\t\t\t\t\t\t\t\t\t\t@media only screen and (min-width: 768px) and (max-width: 1024px) {\n\t\t\t\t\t\t.edgtf-elements-holder-item-content.edgtf-elements-holder-custom-262509 {\n\t\t\t\t\t\t\tpadding: 0px 10% 70px 0 !important;\n\t\t\t\t\t\t}\n\t\t\t\t\t}\n\t\t\t\t\t\t\t\t\t\t\t\t\t@media only screen and (min-width: 600px) and (max-width: 768px) {\n\t\t\t\t\t\t.edgtf-elements-holder-item-content.edgtf-elements-holder-custom-262509 {\n\t\t\t\t\t\t\tpadding: 0px 5% 70px 0 !important;\n\t\t\t\t\t\t}\n\t\t\t\t\t}\n\t\t\t\t\t\t\t\t\t\t\t\t\t@media only screen and (min-width: 480px) and (max-width: 600px) {\n\t\t\t\t\t\t.edgtf-elements-holder-item-content.edgtf-elements-holder-custom-262509 {\n\t\t\t\t\t\t\tpadding: 0px 0% 70px 0 !important;\n\t\t\t\t\t\t}\n\t\t\t\t\t}\n\t\t\t\t\t\t\t\t\t\t\t\t\t@media only screen and (max-width: 480px) {\n\t\t\t\t\t\t.edgtf-elements-holder-item-content.edgtf-elements-holder-custom-262509 {\n\t\t\t\t\t\t\tpadding: 0px 0% 70px 0 !important;\n\t\t\t\t\t\t}\n\t\t\t\t\t}\n\t\t\t\t\t\t\t\t<\/style>\n\t\t\t\t\t\t\n<div class=\"edgtf-section-title edgtf-section-align-left\" style=\"font-size: 45px\">\n\t<span class=\"edgtf-section-number\">5\/<\/span> \tContactar <span class=\"edgtf-section-highlighted\" style=\"color: #ce0b42\">Con nosotros<\/span><\/div><div class=\"edgtf-separator-holder clearfix  edgtf-separator-left\">\n\t<div class=\"edgtf-separator\" style=\"margin-top: 23px;margin-bottom: 17px\"><\/div>\n<\/div>\n[vc_empty_space height=\u00bb16px\u00bb][vc_empty_space height=\u00bb16px\u00bb]<div class=\"edgtf-icon-list-item\">\n\t<div class=\"edgtf-icon-list-icon-holder\">\n        <div class=\"edgtf-icon-list-icon-holder-inner clearfix\">\n\t\t\t<i class=\"edgtf-icon-font-awesome fa fa-map-marker \" style=\"color:#7c7c7c;font-size:22px\" ><\/i>\t\t<\/div>\n\t<\/div>\n\t<span class=\"edgtf-icon-list-text\" style=\"font-size:15px\" > Sasi Artalde elakartea, Herriko Etxea, 64 310 SARA<\/span>\n<\/div>[vc_empty_space height=\u00bb16px\u00bb]<div class=\"edgtf-icon-list-item\">\n\t<div class=\"edgtf-icon-list-icon-holder\">\n        <div class=\"edgtf-icon-list-icon-holder-inner clearfix\">\n\t\t\t<i class=\"edgtf-icon-font-awesome fa fa-phone \" style=\"color:#7c7c7c;font-size:22px\" ><\/i>\t\t<\/div>\n\t<\/div>\n\t<span class=\"edgtf-icon-list-text\" style=\"font-size:15px\" > 05 59 29 55 55<\/span>\n<\/div>[vc_empty_space height=\u00bb16px\u00bb]<div class=\"edgtf-icon-list-item\">\n\t<div class=\"edgtf-icon-list-icon-holder\">\n        <div class=\"edgtf-icon-list-icon-holder-inner clearfix\">\n\t\t\t<i class=\"edgtf-icon-font-awesome fa fa-envelope \" style=\"color:#7c7c7c;font-size:20px\" ><\/i>\t\t<\/div>\n\t<\/div>\n\t<span class=\"edgtf-icon-list-text\" style=\"font-size:15px\" > info@sasiko.eus<\/span>\n<\/div>\t\t<\/div>\n\t<\/div>\n<\/div><\/div>[\/vc_column][vc_column offset=\u00bbvc_col-lg-6 vc_col-md-12&#8243; css=\u00bb.vc_custom_1503916600221{margin-top: 60px !important;}\u00bb]<div role=\"form\" class=\"wpcf7\" id=\"wpcf7-f8170-o1\" lang=\"fr-FR\" dir=\"ltr\">\n<div class=\"screen-reader-response\"><\/div>\n<form action=\"\/es\/wp-json\/wp\/v2\/pages\/8456#wpcf7-f8170-o1\" method=\"post\" class=\"wpcf7-form cf7_custom_style_2\" novalidate=\"novalidate\">\n<div style=\"display: none;\">\n<input type=\"hidden\" name=\"_wpcf7\" value=\"8170\" \/>\n<input type=\"hidden\" name=\"_wpcf7_version\" value=\"5.0.1\" \/>\n<input type=\"hidden\" name=\"_wpcf7_locale\" value=\"fr_FR\" \/>\n<input type=\"hidden\" name=\"_wpcf7_unit_tag\" value=\"wpcf7-f8170-o1\" \/>\n<input type=\"hidden\" name=\"_wpcf7_container_post\" value=\"0\" \/>\n<\/div>\n<div class=\"row form-group\">\n<div class=\"col-xs-12\"><span class=\"wpcf7-form-control-wrap name\"><input type=\"text\" name=\"name\" value=\"\" size=\"40\" class=\"wpcf7-form-control wpcf7-text wpcf7-validates-as-required\" aria-required=\"true\" aria-invalid=\"false\" placeholder=\"VOTRE NOM *\" \/><\/span><\/div>\n<\/div>\n<div class=\"row form-group\">\n<div class=\"col-xs-12\"><span class=\"wpcf7-form-control-wrap email\"><input type=\"email\" name=\"email\" value=\"\" size=\"40\" class=\"wpcf7-form-control wpcf7-text wpcf7-email wpcf7-validates-as-required wpcf7-validates-as-email\" aria-required=\"true\" aria-invalid=\"false\" placeholder=\"VOTRE E-MAIL *\" \/><\/span><\/div>\n<\/div>\n<div class=\"row form-group\">\n<div class=\"col-xs-12\"><span class=\"wpcf7-form-control-wrap tel\"><input type=\"text\" name=\"tel\" value=\"\" size=\"40\" class=\"wpcf7-form-control wpcf7-text wpcf7-validates-as-required\" aria-required=\"true\" aria-invalid=\"false\" placeholder=\"VOTRE T\u00c9L\u00c9PHONE *\" \/><\/span><\/div>\n<\/div>\n<div class=\"row form-group\">\n<div class=\"col-xs-12\"><span class=\"wpcf7-form-control-wrap subject\"><input type=\"text\" name=\"subject\" value=\"\" size=\"40\" class=\"wpcf7-form-control wpcf7-text wpcf7-validates-as-required\" aria-required=\"true\" aria-invalid=\"false\" placeholder=\"SUJET *\" \/><\/span><\/div>\n<\/div>\n<div class=\"row form-group\">\n<div class=\"col-xs-12\"><span class=\"wpcf7-form-control-wrap message\"><input type=\"text\" name=\"message\" value=\"\" size=\"40\" class=\"wpcf7-form-control wpcf7-text wpcf7-validates-as-required height100\" aria-required=\"true\" aria-invalid=\"false\" placeholder=\"MESSAGE *\" \/><\/span><\/div>\n<\/div>\n<div class=\"row form-group\">\n<div class=\"col-xs-12\"><input type=\"submit\" value=\"ENVOYER\" class=\"wpcf7-form-control wpcf7-submit btn btn-primary bgr7 st_button_contact\" \/><\/div>\n<\/div>\n<div class=\"wpcf7-response-output wpcf7-display-none\"><\/div><\/form><\/div>[\/vc_column][\/vc_row][vc_row content_aligment=\u00bbcenter\u00bb][vc_column][vc_column_text]<div id=\"sb-google-map-1\" map-id=\"1\" class=\"sb-map\" zoom=\"11\" maptype=\"ROADMAP\" pancontrol=\"yes\" pancontrol_position=\"TOP_LEFT\" zoomcontrol=\"yes\" zoomcontrol_position=\"TOP_LEFT\" zoomcontrolstyle=\"DEFAULT\" maptypecontrol=\"yes\" maptypecontrol_position=\"TOP_RIGHT\" streetviewcontrol=\"yes\" streetviewcontrol_position=\"TOP_LEFT\" overviewmapcontrol=\"yes\" overviewmapcontrolvisible=\"yes\" maptypecontrolstyle=\"DEFAULT\" mapstyle=\"style-2\" weather=\"no\" traffic=\"no\" transit=\"no\" bicycle=\"no\" panoramio=\"no\" draggable=\"yes\" scrollwheel=\"no\" cplatitude=\"0\" cplongitude=\"0\" scalecontrol=\"yes\" searchtype=\"disabled\" searchradius=\"500\" searchiconanimation=\"NONE\" searchdirectiontext=\"view directions\" reloadonresize=\"yes\" clustering=\"no\" style=\"width:100%;height:750px\"><div class=\"sb-marker\" data-lat=\"43.325657678256\" data-lng=\"-1.3178748175437\" infowindow=\"no\" icon=\"https:\/\/sasiko.eus\/wp-content\/plugins\/sb-google-map\/assets\/img\/icons\/red-10.png\" animation=\"NONE\">Fran\u00e7ois AMESTOY\r\n<br> 191 ameztoiko bidea <br>\r\n64240 MACAYE <br>\r\n06 86 12 73 00\t<br>francoisamestoy@orange.fr<br \/><a target=\"_blank\" href=\"https:\/\/maps.google.com\/?daddr=43.325657678256,-1.3178748175437\">DIRECTION<\/a><\/div><div class=\"sb-marker\" data-lat=\"43.286754168432\" data-lng=\"-1.0257574598737\" infowindow=\"no\" icon=\"https:\/\/sasiko.eus\/wp-content\/plugins\/sb-google-map\/assets\/img\/icons\/red-10.png\" animation=\"NONE\">Pierre Marie GOSSELIN \r\n<br> 245 Chemin ttokotegia <br>\r\n64120 UHART MIXE\r\n<br>\r\n06 18 51 99 58\r\n<br>pm.gosselin@gmail.com<br \/><a target=\"_blank\" href=\"https:\/\/maps.google.com\/?daddr=43.286754168432,-1.0257574598737\">DIRECTION<\/a><\/div><div class=\"sb-marker\" data-lat=\"43.0784052\" data-lng=\"-1.4165594\" infowindow=\"no\" icon=\"https:\/\/sasiko.eus\/wp-content\/plugins\/sb-google-map\/assets\/img\/icons\/blue-10.png\" animation=\"NONE\">Christian ARRETCHE\r\n<br>Maison Lantziria<br>\r\n64430 UREPEL\r\n<br>\r\n06 87 56 13 62<br \/><a target=\"_blank\" href=\"https:\/\/maps.google.com\/?daddr=43.0784052,-1.4165594\">DIRECTION<\/a><\/div><div class=\"sb-marker\" data-lat=\"43.3996019\" data-lng=\"-1.2893306\" infowindow=\"no\" icon=\"https:\/\/sasiko.eus\/wp-content\/plugins\/sb-google-map\/assets\/img\/icons\/green-10.png\" animation=\"NONE\">Gabriel DURRUTY\r\n<br>Maison Panixtonia\r\n<br>\r\n64240 HASPARREN\r\n<br>\r\n06 12 15 85 82<br>panixkas@yahoo.fr<br \/><a target=\"_blank\" href=\"https:\/\/maps.google.com\/?daddr=43.3996019,-1.2893306\">DIRECTION<\/a><\/div><div class=\"sb-marker\" data-lat=\"43.316212\" data-lng=\"-1.461882\" infowindow=\"no\" icon=\"https:\/\/sasiko.eus\/wp-content\/plugins\/sb-google-map\/assets\/img\/icons\/red-10.png\" animation=\"NONE\">Christophe ELISSALDE\r\n<br>Maison Halty\r\n<br>\r\n64250 ESPELETTE<br>\r\n06 66 99 21 00<br \/><a target=\"_blank\" href=\"https:\/\/maps.google.com\/?daddr=43.316212,-1.461882\">DIRECTION<\/a><\/div><div class=\"sb-marker\" data-lat=\"43.4017892\" data-lng=\"-1.321932\" infowindow=\"no\" icon=\"https:\/\/sasiko.eus\/wp-content\/plugins\/sb-google-map\/assets\/img\/icons\/blue-10.png\" animation=\"NONE\">Sylvain HECQUET <br> 9 chemin de Francessenia\r\n<br>\r\n64250 CAMBO-LES-BAINS <br>\r\n06 65 08 38 50 <br>fermeluchaenia@gmail.com<br \/><a target=\"_blank\" href=\"https:\/\/maps.google.com\/?daddr=43.4017892,-1.321932\">DIRECTION<\/a><\/div><div class=\"sb-marker\" data-lat=\"43.4332591\" data-lng=\"-1.3650426\" infowindow=\"no\" icon=\"https:\/\/sasiko.eus\/wp-content\/plugins\/sb-google-map\/assets\/img\/icons\/yellow-10.png\" animation=\"NONE\">Jean LASSALLE <br>Enseigne bidea<br>\r\n64240 HASPARREN<br>\r\n05 59 29 55 55<br \/><a target=\"_blank\" href=\"https:\/\/maps.google.com\/?daddr=43.4332591,-1.3650426\">DIRECTION<\/a><\/div><div class=\"sb-marker\" data-lat=\"43.0884891\" data-lng=\"-1.3929716\" infowindow=\"no\" icon=\"https:\/\/sasiko.eus\/wp-content\/plugins\/sb-google-map\/assets\/img\/icons\/red-10.png\" animation=\"NONE\">Jean-Michel FALXA\r\n<br>Olhaberrieta\r\n<br>\r\n6430 BANCA<br>\r\n06 78 14 26 50 \/05 59 37 42 19<br \/><a target=\"_blank\" href=\"https:\/\/maps.google.com\/?daddr=43.0884891,-1.3929716\">DIRECTION<\/a><\/div><div class=\"sb-marker\" data-lat=\"43.1311742\" data-lng=\"-1.3674566\" infowindow=\"no\" icon=\"https:\/\/sasiko.eus\/wp-content\/plugins\/sb-google-map\/assets\/img\/icons\/red-10.png\" animation=\"NONE\">Asier RECARTE\r\n<br>Maison Xangala\r\n<br>\r\n6430 BANCA<br>\r\n06 78 59 69 87<br \/><a target=\"_blank\" href=\"https:\/\/maps.google.com\/?daddr=43.1311742,-1.3674566\">DIRECTION<\/a><\/div><div class=\"sb-marker\" data-lat=\"43.3104331\" data-lng=\"-1.4697235\" infowindow=\"no\" icon=\"https:\/\/sasiko.eus\/wp-content\/plugins\/sb-google-map\/assets\/img\/icons\/green-10.png\" animation=\"NONE\">Panpi OLAIZOLA\r\n<br> 805, Belazkabietako bidea\r\n<br>\r\n64250 ESPELETTE\r\n<br>06 08 78 31 96\r\n<br>gaecbelazkabieta@gmail.com<br \/><a target=\"_blank\" href=\"https:\/\/maps.google.com\/?daddr=43.3104331,-1.4697235\">DIRECTION<\/a><\/div><div class=\"sb-marker\" data-lat=\"43.3287381\" data-lng=\"-1.3952326\" infowindow=\"no\" icon=\"https:\/\/sasiko.eus\/wp-content\/plugins\/sb-google-map\/assets\/img\/icons\/blue-10.png\" animation=\"NONE\">Jean-Paul IRIQUIN\r\n<br>Olasur Etcheberria\r\n<br>\r\n64250 ITXASSOU\r\n<br>06 20 23 04 26\r\n<br>iriquin.jpm@orange.fr<br \/><a target=\"_blank\" href=\"https:\/\/maps.google.com\/?daddr=43.3287381,-1.3952326\">DIRECTION<\/a><\/div><div class=\"sb-marker\" data-lat=\"43.1813527\" data-lng=\"-1.3057246\" infowindow=\"no\" icon=\"https:\/\/sasiko.eus\/wp-content\/plugins\/sb-google-map\/assets\/img\/icons\/blue-10.png\" animation=\"NONE\">Mirentxu MATEO et Filipe de OREGUY\r\n<br>Bordaxuri\r\n<br>\r\n64220 IROULEGUY\r\n<br>06 40 89 08 80\r\n<br>mirentxu.mateo@wanadoo.fr<br \/><a target=\"_blank\" href=\"https:\/\/maps.google.com\/?daddr=43.1813527,-1.3057246\">DIRECTION<\/a><\/div><div class=\"sb-marker\" data-lat=\"43.066859797404\" data-lng=\"-0.87897909834903\" infowindow=\"no\" icon=\"https:\/\/sasiko.eus\/wp-content\/plugins\/sb-google-map\/assets\/img\/icons\/blue-10.png\" animation=\"NONE\">Amaia LARRONDE et Bastien GARAT\r\n<br> Ansola\r\n<br>\r\n64560 LICQ-ATHEREY\r\n<br> 06 87 84 98 30\r\n<br>bastiengarat@yahoo.fr<br \/><a target=\"_blank\" href=\"https:\/\/maps.google.com\/?daddr=43.066859797404,-0.87897909834903\">DIRECTION<\/a><\/div><div class=\"sb-marker\" data-lat=\"43.24490857632\" data-lng=\"-1.2838284644081\" infowindow=\"no\" icon=\"https:\/\/sasiko.eus\/wp-content\/plugins\/sb-google-map\/assets\/img\/icons\/blue-10.png\" animation=\"NONE\">Mixel COSTA\r\n<br> Eiherasaria <br>320 Ugarzanek \u2013 Maison Eyheri\r\n<br>\r\n64780 OSSES\r\n<br> 06 86 63 38 47\r\n<br>mixel64@hotmail.fr<br \/><a target=\"_blank\" href=\"https:\/\/maps.google.com\/?daddr=43.24490857632,-1.2838284644081\">DIRECTION<\/a><\/div><div class=\"sb-marker\" data-lat=\"43.307347579501\" data-lng=\"-1.4977508612475\" infowindow=\"no\" icon=\"https:\/\/sasiko.eus\/wp-content\/plugins\/sb-google-map\/assets\/img\/icons\/blue-10.png\" animation=\"NONE\">Laurent LAGARDE <br> Etxexuriko borda <br>quartier Rokos\r\n<br>\r\n64250 AINHOA\r\n<br> 06 24 46 42 16<br \/><a target=\"_blank\" href=\"https:\/\/maps.google.com\/?daddr=43.307347579501,-1.4977508612475\">DIRECTION<\/a><\/div><div class=\"sb-marker\" data-lat=\"43.141286361919\" data-lng=\"-1.1953831059603\" infowindow=\"no\" icon=\"https:\/\/sasiko.eus\/wp-content\/plugins\/sb-google-map\/assets\/img\/icons\/red-10.png\" animation=\"NONE\">Argitxu et Estebe OURET <br> 1247 route de Maldarro Etxeberrigaraia \r\n<br>\r\n64220 AINCILLE\r\n<br> 06 85 62 01 94<br \/><a target=\"_blank\" href=\"https:\/\/maps.google.com\/?daddr=43.141286361919,-1.1953831059603\">DIRECTION<\/a><\/div><div class=\"sb-marker\" data-lat=\"43.329334738872\" data-lng=\"-1.3223787735116\" infowindow=\"no\" icon=\"https:\/\/sasiko.eus\/wp-content\/plugins\/sb-google-map\/assets\/img\/icons\/yellow-10.png\" animation=\"NONE\">Xabi OXARANGO <br>64240 MACAYE<br \/><a target=\"_blank\" href=\"https:\/\/maps.google.com\/?daddr=43.329334738872,-1.3223787735116\">DIRECTION<\/a><\/div><div class=\"sb-marker\" data-lat=\"43.095875958791\" data-lng=\"-1.4255106741708\" infowindow=\"no\" icon=\"https:\/\/sasiko.eus\/wp-content\/plugins\/sb-google-map\/assets\/img\/icons\/green-10.png\" animation=\"NONE\">Jean-Marc URRICARIET <br> Maison Haritz-Aldea \r\n<br>\r\n64430 ALDUDES <br> 06 76 82 86 49<br \/><a target=\"_blank\" href=\"https:\/\/maps.google.com\/?daddr=43.095875958791,-1.4255106741708\">DIRECTION<\/a><\/div><\/div>[\/vc_column_text][\/vc_column][\/vc_row][vc_row content_width=\u00bbgrid\u00bb enable_cut_off_effect=\u00bbyes\u00bb cut_off_effect_bottom=\u00bbshallow\u00bb css=\u00bb.vc_custom_1512657699391{padding-top: 60px !important;padding-bottom: 105px !important;}\u00bb cut_off_effect_background=\u00bb#ffffff\u00bb][vc_column]\n<div class=\"edgtf-section-title edgtf-section-align-left\" style=\"font-size: 45px\">\n\t<span class=\"edgtf-section-number\">6\/<\/span> \tNuestros <span class=\"edgtf-section-highlighted\" style=\"color: #ce0b42\">Socios<\/span><\/div><div class=\"edgtf-separator-holder clearfix  edgtf-separator-left\">\n\t<div class=\"edgtf-separator\" style=\"margin-top: 23px;margin-bottom: 17px\"><\/div>\n<\/div>\n<div class=\"edgtf-carousel-holder clearfix\"><div class=\"edgtf-carousel edgtf-slick-slider-navigation-style\" data-items=\"5\" data-arrows-navigation=\"yes\" data-dots-navigation=\"no\"><div class=\"edgtf-carousel-item-holder\">\n\t\t<a href=\"http:\/\/www.ehlgbai.org\" target=\"_blank\">\n\t\t\t\t\t\t<span class=\"edgtf-carousel-first-image-holder  edgtf-roll-over\">\n\t\t\t\t<img src=\"https:\/\/sasiko.eus\/wp-content\/uploads\/2017\/10\/EHLG.jpg\" alt=\"EHLG\">\n\t\t\t<\/span>\n\t\t\t\t\t\t\t<span class=\"edgtf-carousel-roll-over-image-holder  edgtf-roll-over\">\n\t\t\t\t\t<img src=\"https:\/\/sasiko.eus\/wp-content\/uploads\/2017\/10\/EHLG.jpg\" alt=\"EHLG\">\n\t\t\t\t<\/span>\n\t\t\t\t\t\t\t\t\t<\/a>\n\t<\/div><div class=\"edgtf-carousel-item-holder\">\n\t\t<a href=\"http:\/\/www.adepfo.fr\/\" target=\"_blank\">\n\t\t\t\t\t\t<span class=\"edgtf-carousel-first-image-holder  edgtf-roll-over\">\n\t\t\t\t<img src=\"https:\/\/sasiko.eus\/wp-content\/uploads\/2018\/01\/ADEPFO.jpg\" alt=\"ADEPFO\">\n\t\t\t<\/span>\n\t\t\t\t\t\t\t<span class=\"edgtf-carousel-roll-over-image-holder  edgtf-roll-over\">\n\t\t\t\t\t<img src=\"https:\/\/sasiko.eus\/wp-content\/uploads\/2018\/01\/ADEPFO.jpg\" alt=\"ADEPFO\">\n\t\t\t\t<\/span>\n\t\t\t\t\t\t\t\t\t<\/a>\n\t<\/div><div class=\"edgtf-carousel-item-holder\">\n\t\t<a href=\"https:\/\/www.euroregion-naen.eu\/\" target=\"_blank\">\n\t\t\t\t\t\t<span class=\"edgtf-carousel-first-image-holder  edgtf-roll-over\">\n\t\t\t\t<img src=\"https:\/\/sasiko.eus\/wp-content\/uploads\/2022\/01\/euroregion.jpg\" alt=\"Euroregion\">\n\t\t\t<\/span>\n\t\t\t\t\t\t\t<span class=\"edgtf-carousel-roll-over-image-holder  edgtf-roll-over\">\n\t\t\t\t\t<img src=\"https:\/\/sasiko.eus\/wp-content\/uploads\/2022\/01\/euroregion.jpg\" alt=\"Euroregion\">\n\t\t\t\t<\/span>\n\t\t\t\t\t\t\t\t\t<\/a>\n\t<\/div><div class=\"edgtf-carousel-item-holder\">\n\t\t<a href=\"#\" target=\"_blank\">\n\t\t\t\t\t\t<span class=\"edgtf-carousel-first-image-holder  edgtf-roll-over\">\n\t\t\t\t<img src=\"https:\/\/sasiko.eus\/wp-content\/uploads\/2017\/10\/a.jpg\" alt=\"FONDATION PATRIMOINE\">\n\t\t\t<\/span>\n\t\t\t\t\t\t\t<span class=\"edgtf-carousel-roll-over-image-holder  edgtf-roll-over\">\n\t\t\t\t\t<img src=\"https:\/\/sasiko.eus\/wp-content\/uploads\/2017\/10\/a.jpg\" alt=\"FONDATION PATRIMOINE\">\n\t\t\t\t<\/span>\n\t\t\t\t\t\t\t\t\t<\/a>\n\t<\/div><div class=\"edgtf-carousel-item-holder\">\n\t\t<a href=\"#\" target=\"_blank\">\n\t\t\t\t\t\t<span class=\"edgtf-carousel-first-image-holder  edgtf-roll-over\">\n\t\t\t\t<img src=\"https:\/\/sasiko.eus\/wp-content\/uploads\/2017\/10\/ii.jpg\" alt=\"SASI ARDI KONFEDARAZIOA\">\n\t\t\t<\/span>\n\t\t\t\t\t\t\t<span class=\"edgtf-carousel-roll-over-image-holder  edgtf-roll-over\">\n\t\t\t\t\t<img src=\"https:\/\/sasiko.eus\/wp-content\/uploads\/2017\/10\/ii.jpg\" alt=\"SASI ARDI KONFEDARAZIOA\">\n\t\t\t\t<\/span>\n\t\t\t\t\t\t\t\t\t<\/a>\n\t<\/div><div class=\"edgtf-carousel-item-holder\">\n\t\t<a href=\"#\" target=\"_blank\">\n\t\t\t\t\t\t<span class=\"edgtf-carousel-first-image-holder  edgtf-roll-over\">\n\t\t\t\t<img src=\"https:\/\/sasiko.eus\/wp-content\/uploads\/2017\/10\/zz.jpg\" alt=\"NOUVELLE AQUITAINE\">\n\t\t\t<\/span>\n\t\t\t\t\t\t\t<span class=\"edgtf-carousel-roll-over-image-holder  edgtf-roll-over\">\n\t\t\t\t\t<img src=\"https:\/\/sasiko.eus\/wp-content\/uploads\/2017\/10\/zz.jpg\" alt=\"NOUVELLE AQUITAINE\">\n\t\t\t\t<\/span>\n\t\t\t\t\t\t\t\t\t<\/a>\n\t<\/div><div class=\"edgtf-carousel-item-holder\">\n\t\t<a href=\"https:\/\/www.intiasa.es\/web\/fr\" target=\"_blank\">\n\t\t\t\t\t\t<span class=\"edgtf-carousel-first-image-holder  edgtf-roll-over\">\n\t\t\t\t<img src=\"https:\/\/sasiko.eus\/wp-content\/uploads\/2022\/01\/intia.jpg\" alt=\"Intia\">\n\t\t\t<\/span>\n\t\t\t\t\t\t\t<span class=\"edgtf-carousel-roll-over-image-holder  edgtf-roll-over\">\n\t\t\t\t\t<img src=\"https:\/\/sasiko.eus\/wp-content\/uploads\/2022\/01\/intia.jpg\" alt=\"Intia\">\n\t\t\t\t<\/span>\n\t\t\t\t\t\t\t\t\t<\/a>\n\t<\/div><div class=\"edgtf-carousel-item-holder\">\n\t\t\t\t\t\t<span class=\"edgtf-carousel-first-image-holder  edgtf-roll-over\">\n\t\t\t\t<img src=\"https:\/\/sasiko.eus\/wp-content\/uploads\/2022\/01\/coservatoire-des-races.jpg\" alt=\"CONSERVATOIRES DES RACES D&#8217;AQUITAINE\">\n\t\t\t<\/span>\n\t\t\t\t\t\t\t<span class=\"edgtf-carousel-roll-over-image-holder  edgtf-roll-over\">\n\t\t\t\t\t<img src=\"https:\/\/sasiko.eus\/wp-content\/uploads\/2022\/01\/coservatoire-des-races.jpg\" alt=\"CONSERVATOIRES DES RACES D&#8217;AQUITAINE\">\n\t\t\t\t<\/span>\n\t\t\t\t\t\t\t\t<\/div><\/div><\/div>[\/vc_column][\/vc_row]<\/p>\n","protected":false},"excerpt":{"rendered":"<p>[vc_row css=\u00bb.vc_custom_1503929849687{background-image: url(https:\/\/sasiko.eus\/wp-content\/uploads\/2017\/08\/SASI-ARDI-BREBIS-sasiko.jpg?id=8180) !important;background-position: center !important;background-repeat: no-repeat !important;background-size: cover !important;}\u00bb][vc_column][rev_slider_vc alias=\u00bbsasiko-esp\u00bb][\/vc_column][\/vc_row][vc_row content_width=\u00bbgrid\u00bb anchor=\u00bbsasiardi\u00bb css=\u00bb.vc_custom_1512652925483{margin-top: 50px !important;padding-bottom: 80px !important;}\u00bb el_class=\u00bbedgtf-rev-content-class\u00bb][vc_column offset=\u00bbvc_col-lg-6&#8243; css=\u00bb.vc_custom_1512652704017{margin-top: 0px !important;padding-right: 30px !important;}\u00bb][vc_empty_space height=\u00bb20px\u00bb][vc_column_text] Desde sus or\u00edgenes situados&#8230;<\/p>\n","protected":false},"author":1,"featured_media":0,"parent":0,"menu_order":0,"comment_status":"closed","ping_status":"closed","template":"full-width.php","meta":[],"_links":{"self":[{"href":"https:\/\/sasiko.eus\/es\/wp-json\/wp\/v2\/pages\/8456"}],"collection":[{"href":"https:\/\/sasiko.eus\/es\/wp-json\/wp\/v2\/pages"}],"about":[{"href":"https:\/\/sasiko.eus\/es\/wp-json\/wp\/v2\/types\/page"}],"author":[{"embeddable":true,"href":"https:\/\/sasiko.eus\/es\/wp-json\/wp\/v2\/users\/1"}],"replies":[{"embeddable":true,"href":"https:\/\/sasiko.eus\/es\/wp-json\/wp\/v2\/comments?post=8456"}],"version-history":[{"count":10,"href":"https:\/\/sasiko.eus\/es\/wp-json\/wp\/v2\/pages\/8456\/revisions"}],"predecessor-version":[{"id":8516,"href":"https:\/\/sasiko.eus\/es\/wp-json\/wp\/v2\/pages\/8456\/revisions\/8516"}],"wp:attachment":[{"href":"https:\/\/sasiko.eus\/es\/wp-json\/wp\/v2\/media?parent=8456"}],"curies":[{"name":"wp","href":"https:\/\/api.w.org\/{rel}","templated":true}]}}