{"id":8286,"date":"2017-08-28T09:08:34","date_gmt":"2017-08-28T09:08:34","guid":{"rendered":"https:\/\/sasiko.eus\/sasiko\/"},"modified":"2024-04-18T10:07:50","modified_gmt":"2024-04-18T10:07:50","slug":"sasiko","status":"publish","type":"page","link":"https:\/\/sasiko.eus\/eu\/","title":{"rendered":"SASIKO"},"content":{"rendered":"<p>[vc_row css=&#8221;.vc_custom_1503929849687{background-image: url(https:\/\/sasiko.eus\/wp-content\/uploads\/2017\/08\/SASI-ARDI-BREBIS-sasiko.jpg?id=8180) !important;background-position: center !important;background-repeat: no-repeat !important;background-size: cover !important;}&#8221;][vc_column][rev_slider_vc alias=&#8221;sasiko-eus&#8221;][\/vc_column][\/vc_row][vc_row content_width=&#8221;grid&#8221; anchor=&#8221;sasiardi&#8221; css=&#8221;.vc_custom_1512652925483{margin-top: 50px !important;padding-bottom: 80px !important;}&#8221; el_class=&#8221;edgtf-rev-content-class&#8221;][vc_column offset=&#8221;vc_col-lg-6&#8243; css=&#8221;.vc_custom_1512652704017{margin-top: 0px !important;padding-right: 30px !important;}&#8221;]\n<div class=\"edgtf-section-title edgtf-section-align-left\" style=\"font-size: 45px\">\n\t<span class=\"edgtf-section-number\">1\/<\/span> \tSasi ardi... <span class=\"edgtf-section-highlighted\" style=\"color: #ce0b42\">Historia<\/span><\/div><div class=\"edgtf-separator-holder clearfix  edgtf-separator-left\">\n\t<div class=\"edgtf-separator\" style=\"border-color: #ce0b42;width: 65px;border-bottom-width: 4px;margin-top: 19px;margin-bottom: 17px\"><\/div>\n<\/div>\n[vc_empty_space height=&#8221;20px&#8221;][vc_column_text]<\/p>\n<p style=\"text-align: justify;\">Bere ohantzea Aiako Harriaren eta Larrunen maldetan du (Oiartzun, Lesaka, Sara eta Biriatou herrietan). Handik hedatu zen gure larre eta oihan azpietan.<\/p>\n<p style=\"text-align: justify;\">Pottoka eta Betizuarekin mendixkak \u00ab\u00a0garbitzen\u00a0\u00bb zituen Lapurdi eta Baxenafarroan. Etxe ttipietan erresalbu bat zen geroari buruz. Hoberenak baztertzen ziren artetan Zikiro ala Bildots larri, etxeko pesta buruetako.<\/p>\n<p style=\"text-align: justify;\">Esne galde gorria jin zelarik hogoi garren mende erditik goiti, Manex buru gorriak gainditu zuen gure muttur gorri ttipia, lasaiago zelakotz deizteko eta esne emaile hobea zelakotz.<\/p>\n<p style=\"text-align: justify;\">Hogoita bat garren mende hastapenean Sasi Ardia orroitzapen bat bezala baizik ez zen aipatzen. Amorratu batzuek lan berezi bat egin behar izan zuten ardi honi buruz. Lana gauzatu zen Sasi Artalde taldea sortuz 2014ean eta beste bi urte berantago ministerioak ezagutza ofizial bat emanez arrazari. Ondoko urtean, 2017an, gure ardi ttipiak Ondarearen Talde Nagusiak antolatzen duen animaleen biziaberastasunaren aldeko lehiaketaren lehen prezioa irabazi zuen.<\/p>\n<p>[\/vc_column_text][vc_empty_space height=&#8221;20px&#8221;][\/vc_column][vc_column parallax=&#8221;content-moving&#8221; offset=&#8221;vc_col-lg-6&#8243; css=&#8221;.vc_custom_1516869719716{padding-top: 50px !important;}&#8221;]\n<div class=\"edgtf-section-title edgtf-section-align-left\" style=\"font-size: 40px\">\n\t\t Sasi ardi <span class=\"edgtf-section-highlighted\" style=\"color: #ce0b42\">Arraza<\/span><\/div><div class=\"edgtf-separator-holder clearfix  edgtf-separator-left\">\n\t<div class=\"edgtf-separator\" style=\"border-color: #ce0b42;width: 65px;border-bottom-width: 4px;margin-top: 19px;margin-bottom: 17px\"><\/div>\n<\/div>\n\n<span class=\"edgtf-section-subtitle\" style=\"text-align:left;color:#303030\">\n\tBizia, larrea eta ama sena, lehengo lekuak berriz berreskuratzen ari da.<\/span>[vc_empty_space height=&#8221;37px&#8221;]<div class=\"edgtf-accordion-holder clearfix edgtf-accordion edgtf-initial edgtf-style-grey \">\n\t<h6 class=\"clearfix edgtf-title-holder\">\n\t<span class=\"edgtf-tab-title\">\n\t\t<span class=\"edgtf-tab-title-inner\">\n\t\t\tKOPURUA\t\t<\/span>\n\t<\/span>\n\t<span class=\"edgtf-accordion-mark\">\n\t\t<span class=\"edgtf-accordion-mark-icon\">\n\t\t\t<span class=\"fa fa-plus\"><\/span>\n\t\t\t<span class=\"fa fa-times\"><\/span>\n\t\t<\/span>\n\t<\/span>\n<\/h6>\n<div class=\"edgtf-accordion-content\">\n\t<div class=\"edgtf-accordion-content-inner\">\n\t\t[vc_column_text]<\/p>\n<p style=\"text-align: justify;\">Oraingo kondaketek diote Euskal Herriko Arraza xumeena dela : 1 500 kondatzen dira Iparraldean eta doblea Hegoaldean.<\/p>\n<p>[\/vc_column_text]\t<\/div>\n<\/div><h6 class=\"clearfix edgtf-title-holder\">\n\t<span class=\"edgtf-tab-title\">\n\t\t<span class=\"edgtf-tab-title-inner\">\n\t\t\tBEREZITASUNAK\t\t<\/span>\n\t<\/span>\n\t<span class=\"edgtf-accordion-mark\">\n\t\t<span class=\"edgtf-accordion-mark-icon\">\n\t\t\t<span class=\"fa fa-plus\"><\/span>\n\t\t\t<span class=\"fa fa-times\"><\/span>\n\t\t<\/span>\n\t<\/span>\n<\/h6>\n<div class=\"edgtf-accordion-content\">\n\t<div class=\"edgtf-accordion-content-inner\">\n\t\t[vc_column_text]<\/p>\n<p style=\"text-align: justify;\">Buru zabal eta muttur fina, lepoko ile gorria, belarriak xut eta zango arinak ditu Sasi Ardiak. Emeak 35 \u2013 40 bat kilo egiten ditu eta arrak hamar bat kilo gehiago.<\/p>\n<p style=\"text-align: justify;\">Euskal Herri guziko hazleen arrangura ardiaren itxura definitzea izan da. Eztabaidatua izan den lan baten bidez, ardi hunen berezitasunak zerrendatuak izan dira.<\/p>\n<p style=\"text-align: justify;\">Beti kurri eta eremu jalea denez, ez da aise ardi hunen atxikitzea lau harriren artean. Alta, ama paregabea da eta ez du kasik sekulan berak egin duen bildotsa galtzen.<\/p>\n<p>[\/vc_column_text]\t<\/div>\n<\/div><h6 class=\"clearfix edgtf-title-holder\">\n\t<span class=\"edgtf-tab-title\">\n\t\t<span class=\"edgtf-tab-title-inner\">\n\t\t\tHAZTEKO MOLDEAK\t\t<\/span>\n\t<\/span>\n\t<span class=\"edgtf-accordion-mark\">\n\t\t<span class=\"edgtf-accordion-mark-icon\">\n\t\t\t<span class=\"fa fa-plus\"><\/span>\n\t\t\t<span class=\"fa fa-times\"><\/span>\n\t\t<\/span>\n\t<\/span>\n<\/h6>\n<div class=\"edgtf-accordion-content\">\n\t<div class=\"edgtf-accordion-content-inner\">\n\t\t[vc_column_text]<\/p>\n<p style=\"text-align: justify;\">Ez da aise tropa handitan atxikitzea gure Sasi Ardia, talde ttipitan edo bakarrik nahiago duelakotz ibili ahantziak diren larre eta sastrapetan. Zonbaitetan, ez da posible artzainkatzea zakur onik gabe.<\/p>\n<p style=\"text-align: justify;\">Urte guzian kanpoan, etxalderat hurbiltzen dira bildots sasoinean bakarrik. Anartean, belar biziaz, ilarkez, laparrez, huntz ostoez, ezkurrez eta gaztainez elikatzen da.<\/p>\n<p>[\/vc_column_text]\t<\/div>\n<\/div><\/div>[vc_single_image image=&#8221;8254&#8243; img_size=&#8221;full&#8221; css=&#8221;.vc_custom_1516869904893{padding-top: 25px !important;}&#8221;][\/vc_column][\/vc_row][vc_row row_type=&#8221;parallax&#8221; anchor=&#8221;sasiardi&#8221; full_screen_section_height=&#8221;no&#8221; css=&#8221;.vc_custom_1512652820599{padding-top: 450px !important;padding-bottom: 150px !important;background-position: center !important;background-repeat: no-repeat !important;background-size: cover !important;}&#8221; parallax_background_image=&#8221;8180&#8243;][vc_column][\/vc_column][\/vc_row][vc_row content_width=&#8221;grid&#8221; anchor=&#8221;association&#8221; enable_cut_off_effect=&#8221;yes&#8221; cut_off_effect_top=&#8221;deep&#8221; cut_off_effect_background=&#8221;#ffffff&#8221;][vc_column width=&#8221;1\/2&#8243; offset=&#8221;vc_col-lg-6 vc_col-md-12&#8243; css=&#8221;.vc_custom_1512652795712{margin-top: -50px !important;}&#8221;]\n<div class=\"edgtf-section-title edgtf-section-align-left\" style=\"font-size: 45px\">\n\t<span class=\"edgtf-section-number\">2\/<\/span> \tGu... <span class=\"edgtf-section-highlighted\" style=\"color: #ce0b42\">Artzain<\/span><\/div><div class=\"edgtf-separator-holder clearfix  edgtf-separator-left\">\n\t<div class=\"edgtf-separator\" style=\"margin-top: 23px;margin-bottom: 17px\"><\/div>\n<\/div>\n[vc_column_text]Probintzia bakoitzak bere elkartea badu :<br \/>\n&#8211; <strong>Sasi artalde elkartea<\/strong> Iparraldean (Baxe-Nafarroa, Lapurdi eta Xiberoa) 2014an sortua izan da eta 20bat hazle biltzen ditu,<br \/>\n&#8211; <strong>Sasiko elkartea<\/strong> Nafarroan 2006an sortua izan da eta 20bat hazle biltzen ditu,<br \/>\n&#8211; <strong>Euskadiko Sasi Ardi Federazioa<\/strong> (Gipuzkoa, Araba eta Bizkaia) 2007an sortua izan zen eta 30bat hazle biltzen ditu.[\/vc_column_text][vc_empty_space height=&#8221;16px&#8221;][vc_column_text]<\/p>\n<p style=\"text-align: justify;\">Haien xedea, eremu idekietako hazkuntza begiratzea da, mendia gain gainetik baliatuz.<\/p>\n<p>[\/vc_column_text][vc_column_text]<\/p>\n<p style=\"text-align: justify;\">Sasi Artalde elkartea jadanik sariztatua izan da bere lanarendako : azpimarra dezagun lehen saria irabazi zuela Ondare Talde Nagusiak emaiten duen abereen bizi aberastasuneko lehiaketan. Prezioa, Pariseko laborantzako saloinean itzulia izan zaio.<\/p>\n<p>[\/vc_column_text][\/vc_column][vc_column width=&#8221;1\/2&#8243; offset=&#8221;vc_col-lg-6 vc_col-md-12&#8243; css=&#8221;.vc_custom_1509047999888{padding-top: 60px !important;padding-right: 50px !important;padding-bottom: 60px !important;padding-left: 50px !important;background-color: #f7f7f7 !important;}&#8221;]<div class=\"edgtf-iwt clearfix edgtf-iwt-left-from-title edgtf-iwt-icon-tiny\">\n    <div class=\"edgtf-iwt-content-holder\">\n        <div class=\"edgtf-iwt-icon-title-holder\">\n            <div class=\"edgtf-iwt-icon-holder\" >\n                                    \n    <span class=\"edgtf-icon-shortcode square\" style=\"width: 40px;height: 40px;line-height: 40px;background-color: #ce0b42;border-color: #0000ff\" data-color=\"#ffffff\">\n        \n        <i class=\"edgtf-icon-font-awesome fa  edgtf-icon-element\" style=\"color: #ffffff;font-size:21px\" ><\/i>\n            <\/span>\n\n                            <\/div>\n            <div class=\"edgtf-iwt-title-holder\">\n                <h4 >Sasi Ardia begiratu eta zabaldu<\/h4>\n            <\/div>\n        <\/div>\n        <div class=\"edgtf-iwt-text-holder\">\n            <p >lehen lana, arrazari ezagupen ofizial baten emaitea izan zen, dozier bat pausatuz Laborantzako Ministerioan. 2016an ezagutua izan da eta Hautespen Erankunde bat sortua izan da arrazaren hobetzeari buruzko lanaren eramaiteko.<\/p>\n\n                    <\/div>\n    <\/div>\n<\/div><div class=\"edgtf-iwt clearfix edgtf-iwt-left-from-title edgtf-iwt-icon-tiny\">\n    <div class=\"edgtf-iwt-content-holder\">\n        <div class=\"edgtf-iwt-icon-title-holder\">\n            <div class=\"edgtf-iwt-icon-holder\" >\n                                    \n    <span class=\"edgtf-icon-shortcode square\" style=\"width: 40px;height: 40px;line-height: 40px;background-color: #ce0b42;border-color: #0000ff\" data-color=\"#ffffff\">\n        \n        <i class=\"edgtf-icon-font-awesome fa  edgtf-icon-element\" style=\"color: #ffffff;font-size:29px\" ><\/i>\n            <\/span>\n\n                            <\/div>\n            <div class=\"edgtf-iwt-title-holder\">\n                <h4 >Balorazio ekonomikoa<\/h4>\n            <\/div>\n        <\/div>\n        <div class=\"edgtf-iwt-text-holder\">\n            <p >Hazkuntza hunek bizi nahi badu eta hazle berriak bultzatu nahi baditu, mozkin onak produzitu behar ditu. Horretarako, hazleek \u00ab Sasiko \u00bb markaren pean salduak diren produktuen promozioa egin behar dute : Zikiroa eta Bildotsa.<\/p>\n\n                    <\/div>\n    <\/div>\n<\/div><div class=\"edgtf-iwt clearfix edgtf-iwt-left-from-title edgtf-iwt-icon-tiny\">\n    <div class=\"edgtf-iwt-content-holder\">\n        <div class=\"edgtf-iwt-icon-title-holder\">\n            <div class=\"edgtf-iwt-icon-holder\" >\n                                    \n    <span class=\"edgtf-icon-shortcode square\" style=\"width: 40px;height: 40px;line-height: 40px;background-color: #ce0b42;border-color: #0000ff\" data-color=\"#ffffff\">\n        \n        <i class=\"edgtf-icon-font-awesome fa  edgtf-icon-element\" style=\"color: #ffffff;font-size:29px\" ><\/i>\n            <\/span>\n\n                            <\/div>\n            <div class=\"edgtf-iwt-title-holder\">\n                <h4 >Hegoalde\/Iparralde harremanak<\/h4>\n            <\/div>\n        <\/div>\n        <div class=\"edgtf-iwt-text-holder\">\n            <p >Nafarroan eta Euskadin ere hazia da Sasi Ardia. Denek elkartasunezko lan bat plantan ezarri nahi dugu, itxurazko berezitasunak komunean jarriz baita mozkin hoberenak ekoiztuz.<\/p>\n\n                    <\/div>\n    <\/div>\n<\/div>[\/vc_column][\/vc_row][vc_row row_type=&#8221;parallax&#8221; anchor=&#8221;sasiko&#8221; full_screen_section_height=&#8221;no&#8221; css=&#8221;.vc_custom_1503931778657{padding-top: 450px !important;background-position: center !important;background-repeat: no-repeat !important;background-size: cover !important;}&#8221; parallax_background_image=&#8221;8186&#8243;][vc_column][\/vc_column][\/vc_row][vc_row content_width=&#8221;grid&#8221; enable_cut_off_effect=&#8221;yes&#8221; cut_off_effect_top=&#8221;deep&#8221; css=&#8221;.vc_custom_1503931772794{padding-top: 60px !important;padding-bottom: 60px !important;}&#8221; el_class=&#8221;edgtf-rev-content-class&#8221; cut_off_effect_background=&#8221;#ffffff&#8221;][vc_column width=&#8221;1\/2&#8243; css=&#8221;.vc_custom_1503928270077{margin-top: -180px !important;}&#8221;]\n<div class=\"edgtf-section-title edgtf-section-align-left\" style=\"font-size: 45px\">\n\t<span class=\"edgtf-section-number\">3\/<\/span> \tSasiko <span class=\"edgtf-section-highlighted\" style=\"color: #ce0b42\">Haragia<\/span><\/div><div class=\"edgtf-separator-holder clearfix  edgtf-separator-left\">\n\t<div class=\"edgtf-separator\" style=\"margin-top: 23px;margin-bottom: 25px\"><\/div>\n<\/div>\n\n<span class=\"edgtf-section-subtitle\" style=\"text-align:left;color:#303030\">\n\tBildots et Zikiro : bi mozkin nagusiak<\/span>[vc_empty_space height=&#8221;30px&#8221;][vc_empty_space height=&#8221;15px&#8221;][vc_column_text]<\/p>\n<p style=\"text-align: justify;\">Sasiko haragiak baldintza finkatu eta izenpetu batzuen arabera ekoiztua izan behar du, hazteko molde eta gizentzeari dagokionez. Ardiak kanpoan haziak dira\u00a0: bederen sei hilabete sasi eta larreetan pasa behar dituzte. Zikiroek aldiz, bi urte eta erdiz molde horretan bizi behar dute.<\/p>\n<p style=\"text-align: justify;\">Bere bizi osoan, Sasi Ardiaren hazkurria aberatsa da. Bere ibilbidean atxemaiten ahal duen belar biziaz, ilarkaz, lapar gaztez eta ezkurrez egina da. Erditzeko eta gizentzeko garaian osagarriak onartuak dira (etxeko zaldareak, soro belarra eta belarra idortua). JAO (Jitez Aldaturiko Organismoa) eta hartzituriko bazkak hertsiki debekatuak dira.<\/p>\n<p style=\"text-align: justify;\">Hazkuntza molde horiek diote Sasiko ardikiari bere berezitasuna emaiten. Haragi gizenduak, ahoan gustu iraunkor eta fin bat oparitzen dauku\u00a0; adin bateko jendeek aspaldian jastatua ez dutena. Egitura uxter eta guria, hazkuntza luze eta zail baten ondorioak dira.<\/p>\n<p style=\"text-align: justify;\">Sasiko markak segurtatzen du haragia lan molde hauek segituz ekoiztua izan dela.<\/p>\n<p>[\/vc_column_text][\/vc_column][vc_column width=&#8221;1\/2&#8243;][vc_single_image image=&#8221;8183&#8243; img_size=&#8221;full&#8221;][vc_empty_space height=&#8221;30px&#8221;][\/vc_column][\/vc_row][vc_row content_width=&#8221;grid&#8221; css=&#8221;.vc_custom_1509050267768{padding-top: 40px !important;padding-bottom: 40px !important;background-color: #f7f7f7 !important;}&#8221;][vc_column offset=&#8221;vc_col-lg-12&#8243;]<div class=\"edgtf-elements-holder edgtf-two-columns edgtf-responsive-mode-768\" ><div class=\"edgtf-elements-holder-item edgtf-eh-with-border edgtf-fade-in\" data-animation=\"edgtf-fade-in\" style=\"border-color:#ebebeb;border-width:1px\">\n\t\t<div class=\"edgtf-elements-holder-item-inner\">\n\t\t<div class=\"edgtf-elements-holder-item-content edgtf-elements-holder-custom-241817\" style=\"padding: 7% 21% \">\n\t\t\t\t\t\t<style type=\"text\/css\" data-type=\"edgtf-elements-custom-padding\" scoped>\n\t\t\t\t\t\t\t\t\t@media only screen and (min-width: 1280px) and (max-width: 1440px) {\n\t\t\t\t\t\t.edgtf-elements-holder-item-content.edgtf-elements-holder-custom-241817 {\n\t\t\t\t\t\t\tpadding: 17% 13% !important;\n\t\t\t\t\t\t}\n\t\t\t\t\t}\n\t\t\t\t\t\t\t\t\t\t\t\t\t@media only screen and (min-width: 1024px) and (max-width: 1280px) {\n\t\t\t\t\t\t.edgtf-elements-holder-item-content.edgtf-elements-holder-custom-241817 {\n\t\t\t\t\t\t\tpadding: 17% 10% !important;\n\t\t\t\t\t\t}\n\t\t\t\t\t}\n\t\t\t\t\t\t\t\t\t\t\t\t\t@media only screen and (min-width: 768px) and (max-width: 1024px) {\n\t\t\t\t\t\t.edgtf-elements-holder-item-content.edgtf-elements-holder-custom-241817 {\n\t\t\t\t\t\t\tpadding: 19% 10% !important;\n\t\t\t\t\t\t}\n\t\t\t\t\t}\n\t\t\t\t\t\t\t\t\t\t\t\t\t@media only screen and (min-width: 600px) and (max-width: 768px) {\n\t\t\t\t\t\t.edgtf-elements-holder-item-content.edgtf-elements-holder-custom-241817 {\n\t\t\t\t\t\t\tpadding: 15% 29% 15% 19% !important;\n\t\t\t\t\t\t}\n\t\t\t\t\t}\n\t\t\t\t\t\t\t\t\t\t\t\t\t@media only screen and (min-width: 480px) and (max-width: 600px) {\n\t\t\t\t\t\t.edgtf-elements-holder-item-content.edgtf-elements-holder-custom-241817 {\n\t\t\t\t\t\t\tpadding: 20% 14% !important;\n\t\t\t\t\t\t}\n\t\t\t\t\t}\n\t\t\t\t\t\t\t\t\t\t\t\t\t@media only screen and (max-width: 480px) {\n\t\t\t\t\t\t.edgtf-elements-holder-item-content.edgtf-elements-holder-custom-241817 {\n\t\t\t\t\t\t\tpadding: 20% 14% !important;\n\t\t\t\t\t\t}\n\t\t\t\t\t}\n\t\t\t\t\t\t\t\t<\/style>\n\t\t\t\t\t\t[vc_column_text]<\/p>\n<h2>Bildots.<\/h2>\n<p>[\/vc_column_text]<div class=\"edgtf-separator-holder clearfix  edgtf-separator-left\">\n\t<div class=\"edgtf-separator\" style=\"border-color: #ce0b42;margin-top: 20px;margin-bottom: 17px\"><\/div>\n<\/div>\n\n<span class=\"edgtf-section-subtitle\" style=\"text-align:left\">\n\t- Ama batuz hazia <\/span>\n<span class=\"edgtf-section-subtitle\" style=\"text-align:left\">\n\t- Adina : 2,5 eta 4 hilabeteren artean<\/span>\n<span class=\"edgtf-section-subtitle\" style=\"text-align:left\">\n\t- 8,5 eta 12,5kg haragiren artean <\/span>\n<span class=\"edgtf-section-subtitle\" style=\"text-align:left\">\n\t- Saltzeak : Otsailatik uztailerat<\/span>[vc_empty_space height=&#8221;16px&#8221;]\t\t<\/div>\n\t<\/div>\n<\/div><div class=\"edgtf-elements-holder-item edgtf-eh-with-border edgtf-fade-in\" data-animation=\"edgtf-fade-in\" style=\"border-color:#ebebeb;border-width:1px\">\n\t\t<div class=\"edgtf-elements-holder-item-inner\">\n\t\t<div class=\"edgtf-elements-holder-item-content edgtf-elements-holder-custom-778914\" style=\"padding: 7% 21%\">\n\t\t\t\t\t\t<style type=\"text\/css\" data-type=\"edgtf-elements-custom-padding\" scoped>\n\t\t\t\t\t\t\t\t\t@media only screen and (min-width: 1280px) and (max-width: 1440px) {\n\t\t\t\t\t\t.edgtf-elements-holder-item-content.edgtf-elements-holder-custom-778914 {\n\t\t\t\t\t\t\tpadding: 17% 13% !important;\n\t\t\t\t\t\t}\n\t\t\t\t\t}\n\t\t\t\t\t\t\t\t\t\t\t\t\t@media only screen and (min-width: 1024px) and (max-width: 1280px) {\n\t\t\t\t\t\t.edgtf-elements-holder-item-content.edgtf-elements-holder-custom-778914 {\n\t\t\t\t\t\t\tpadding: 17% 10% !important;\n\t\t\t\t\t\t}\n\t\t\t\t\t}\n\t\t\t\t\t\t\t\t\t\t\t\t\t@media only screen and (min-width: 768px) and (max-width: 1024px) {\n\t\t\t\t\t\t.edgtf-elements-holder-item-content.edgtf-elements-holder-custom-778914 {\n\t\t\t\t\t\t\tpadding: 19% 10% !important;\n\t\t\t\t\t\t}\n\t\t\t\t\t}\n\t\t\t\t\t\t\t\t\t\t\t\t\t@media only screen and (min-width: 600px) and (max-width: 768px) {\n\t\t\t\t\t\t.edgtf-elements-holder-item-content.edgtf-elements-holder-custom-778914 {\n\t\t\t\t\t\t\tpadding: 15% 29% 15% 19% !important;\n\t\t\t\t\t\t}\n\t\t\t\t\t}\n\t\t\t\t\t\t\t\t\t\t\t\t\t@media only screen and (min-width: 480px) and (max-width: 600px) {\n\t\t\t\t\t\t.edgtf-elements-holder-item-content.edgtf-elements-holder-custom-778914 {\n\t\t\t\t\t\t\tpadding: 20% 14% !important;\n\t\t\t\t\t\t}\n\t\t\t\t\t}\n\t\t\t\t\t\t\t\t\t\t\t\t\t@media only screen and (max-width: 480px) {\n\t\t\t\t\t\t.edgtf-elements-holder-item-content.edgtf-elements-holder-custom-778914 {\n\t\t\t\t\t\t\tpadding: 20% 14%  !important;\n\t\t\t\t\t\t}\n\t\t\t\t\t}\n\t\t\t\t\t\t\t\t<\/style>\n\t\t\t\t\t\t[vc_column_text]<\/p>\n<h2>Zikiro.<\/h2>\n<p>[\/vc_column_text]<div class=\"edgtf-separator-holder clearfix  edgtf-separator-left\">\n\t<div class=\"edgtf-separator\" style=\"border-color: #ce0b42;margin-top: 20px;margin-bottom: 17px\"><\/div>\n<\/div>\n\n<span class=\"edgtf-section-subtitle\" style=\"text-align:left\">\n\t- Ahari zikitatua<\/span>\n<span class=\"edgtf-section-subtitle\" style=\"text-align:left\">\n\t- Adina : 2,5 eta 3,5 urte artean<\/span>\n<span class=\"edgtf-section-subtitle\" style=\"text-align:left\">\n\t- 19 eta 26 kg artean<\/span>\n<span class=\"edgtf-section-subtitle\" style=\"text-align:left\">\n\t- Urte osoan saldua<\/span>[vc_empty_space height=&#8221;16px&#8221;]\t\t<\/div>\n\t<\/div>\n<\/div><\/div>[\/vc_column][\/vc_row][vc_row content_width=&#8221;grid&#8221; content_aligment=&#8221;center&#8221; css=&#8221;.vc_custom_1509050339255{padding-top: 60px !important;padding-bottom: 60px !important;}&#8221;][vc_column]\n<div class=\"edgtf-section-title edgtf-section-align-left\" >\n\t\tNun atxeman \u201cSasiko\u201d markako Sasi haragia?<\/div>\n<span class=\"edgtf-section-subtitle\" style=\"text-align:left\">\n\tHautua zabala da...<\/span><div class=\"edgtf-separator-holder clearfix  edgtf-separator-left\">\n\t<div class=\"edgtf-separator\" style=\"margin-top: 23px;margin-bottom: 25px\"><\/div>\n<\/div>\n[vc_row_inner][vc_column_inner width=&#8221;1\/3&#8243;][vc_column_text]<\/p>\n<h3>Haragitegiak eta salmentak<\/h3>\n<p>[\/vc_column_text]<div class=\"edgtf-separator-holder clearfix  edgtf-separator-left\">\n\t<div class=\"edgtf-separator\" style=\"border-color: #f7f7f7;width: 55px;border-bottom-width: 3px;margin-top: 12px;margin-bottom: 32px\"><\/div>\n<\/div>\n[vc_column_text]<\/p>\n<p class=\"p1\">&#8211; Hiriart-Solet harategian Hazparnen<\/p>\n<p>[\/vc_column_text][\/vc_column_inner][vc_column_inner width=&#8221;1\/3&#8243;][vc_column_text]<\/p>\n<h3>Jatetxeak<\/h3>\n<p>[\/vc_column_text]<div class=\"edgtf-separator-holder clearfix  edgtf-separator-left\">\n\t<div class=\"edgtf-separator\" style=\"border-color: #f7f7f7;width: 55px;border-bottom-width: 3px;margin-top: 12px;margin-bottom: 32px\"><\/div>\n<\/div>\n[vc_column_text]<\/p>\n<p class=\"p1\">&#8211; Epoq Miarritzen<\/p>\n<p class=\"p1\">&#8211; Bar Basque Donibane Lohizunen<\/p>\n<p class=\"p1\">&#8211; Etchebarne Lekornen<\/p>\n<p class=\"p1\">&#8211; Artzain Irisarrin<\/p>\n<p class=\"p1\">&#8211; Haize Hegoa Itsasun<\/p>\n<p class=\"p1\">&#8211; SARL de Jolivet Mauges-sur-Loire-en<\/p>\n<p>[\/vc_column_text][\/vc_column_inner][vc_column_inner width=&#8221;1\/3&#8243;][vc_column_text]<\/p>\n<h3>Saltze garbiak<\/h3>\n<p>[\/vc_column_text]<div class=\"edgtf-separator-holder clearfix  edgtf-separator-left\">\n\t<div class=\"edgtf-separator\" style=\"border-color: #f7f7f7;width: 55px;border-bottom-width: 3px;margin-top: 12px;margin-bottom: 32px\"><\/div>\n<\/div>\n[vc_column_text]<\/p>\n<p class=\"p1\">&#8211; Panpi OLAIZOLA Ezpeletan<\/p>\n<p class=\"p1\">&#8211; Mirentxu Mateo eta Filipe de Oreguy Irulegin<\/p>\n<p class=\"p1\">&#8211; Fran\u00e7ois AMESTOY Makean<\/p>\n<p class=\"p1\">&#8211; Jean LASSALLE Hazparnen<\/p>\n<p class=\"p1\">&#8211; Pierre Marie GOSSELIN Uhartehirin<\/p>\n<p class=\"p1\">&#8211; Sylvain HECQUET Kanbon<\/p>\n<p class=\"p1\">&#8211; Argitxu eta Estebe OURET Aintzilan<\/p>\n<p class=\"p1\">&#8211; Amaia LARRONDE eta Bastien GARAT Ligi-Atherein<\/p>\n<p>[\/vc_column_text][\/vc_column_inner][\/vc_row_inner][\/vc_column][\/vc_row][vc_row enable_cut_off_effect=&#8221;yes&#8221; cut_off_effect_bottom=&#8221;shallow&#8221; css=&#8221;.vc_custom_1509050820034{padding-top: 30px !important;padding-bottom: 30px !important;}&#8221; cut_off_effect_background=&#8221;#ffffff&#8221;][vc_column]<div class=\"edgtf-testimonials-holder clearfix\"><div class=\"edgtf-slick-slider-navigation-style edgtf-testimonials edgtf-testimonials-type-dekko\"  data-dots-navigation=\"false\"><div class=\"edgtf-testimonial-content edgtf-testimonials8330\">\n\t<div class=\"edgtf-testimonial-content-inner\">\n\t\t<span class=\"edgtf-testimonials-quotes\">&ldquo;<\/span>\n\t\t<div class=\"edgtf-testimonial-text-outer\">\n\t\t\t<p class=\"edgtf-testimonial-text\">Proposer du zikiro de sasi ardi \u00e0 Haraneko Borda ce n'est pas seulement une d\u00e9marche qui vise \u00e0 faire d\u00e9couvrir la biodiversit\u00e9 agricole du Pays Basque, c'est aussi offrir un produit de haute valeur, une qualit\u00e9 de viande exceptionnelle, persill\u00e9e, savoureuse et unique en son genre<\/p>\n\t\t<\/div>\n\t\t<div class=\"edgtf-separator-holder clearfix edgtf-separator-left\">\n\t\t\t<div class=\"edgtf-separator\"><\/div>\n\t\t<\/div>\n\t\t<div class=\"edgtf-testimonial-carousel-bottom\">\n\t\t\t\t\t\t\t\t\t\t<div class=\"edgtf-testimonial-author\">\n\t\t\t\t\t<span class=\"edgtf-testimonial-author-text\">\n\t\t\t\t\t\tChristian Aguerre\t\t\t\t\t<\/span>\n\t\t\t\t\t\t\t\t\t<\/div>\n\t\t\t\t\t<\/div>\n\t<\/div>\n<\/div>\n<div class=\"edgtf-testimonial-content edgtf-testimonials8331\">\n\t<div class=\"edgtf-testimonial-content-inner\">\n\t\t<span class=\"edgtf-testimonials-quotes\">&ldquo;<\/span>\n\t\t<div class=\"edgtf-testimonial-text-outer\">\n\t\t\t<p class=\"edgtf-testimonial-text\">Une race \u00e0 viande ancienne, relanc\u00e9e par des passionn\u00e9s. La qualit\u00e9 et le bon go\u00fbt sont toujours au rendez-vous !<\/p>\n\t\t<\/div>\n\t\t<div class=\"edgtf-separator-holder clearfix edgtf-separator-left\">\n\t\t\t<div class=\"edgtf-separator\"><\/div>\n\t\t<\/div>\n\t\t<div class=\"edgtf-testimonial-carousel-bottom\">\n\t\t\t\t\t\t\t\t\t\t<div class=\"edgtf-testimonial-author\">\n\t\t\t\t\t<span class=\"edgtf-testimonial-author-text\">\n\t\t\t\t\t\tHaize Hegoa\t\t\t\t\t<\/span>\n\t\t\t\t\t\t\t\t\t<\/div>\n\t\t\t\t\t<\/div>\n\t<\/div>\n<\/div>\n<div class=\"edgtf-testimonial-content edgtf-testimonials8332\">\n\t<div class=\"edgtf-testimonial-content-inner\">\n\t\t<span class=\"edgtf-testimonials-quotes\">&ldquo;<\/span>\n\t\t<div class=\"edgtf-testimonial-text-outer\">\n\t\t\t<p class=\"edgtf-testimonial-text\">Cette viande est un fleuron gastronomique digne d'honorer les plus grandes tables<\/p>\n\t\t<\/div>\n\t\t<div class=\"edgtf-separator-holder clearfix edgtf-separator-left\">\n\t\t\t<div class=\"edgtf-separator\"><\/div>\n\t\t<\/div>\n\t\t<div class=\"edgtf-testimonial-carousel-bottom\">\n\t\t\t\t\t\t\t\t\t\t<div class=\"edgtf-testimonial-author\">\n\t\t\t\t\t<span class=\"edgtf-testimonial-author-text\">\n\t\t\t\t\t\tP\u00e9rico L\u00e9gasse\t\t\t\t\t<\/span>\n\t\t\t\t\t\t\t\t\t\t\t\/ <span class=\"edgtf-testimonials-job\">Critique gastronomique<\/span>\n\t\t\t\t\t\t\t\t\t<\/div>\n\t\t\t\t\t<\/div>\n\t<\/div>\n<\/div>\n<div class=\"edgtf-testimonial-content edgtf-testimonials8333\">\n\t<div class=\"edgtf-testimonial-content-inner\">\n\t\t<span class=\"edgtf-testimonials-quotes\">&ldquo;<\/span>\n\t\t<div class=\"edgtf-testimonial-text-outer\">\n\t\t\t<p class=\"edgtf-testimonial-text\">Elev\u00e9e en pleine montagne la Sasi Ardi donne une viande rouge intense au coeur tendre et d\u00e9voile sa finesse en bouche<\/p>\n\t\t<\/div>\n\t\t<div class=\"edgtf-separator-holder clearfix edgtf-separator-left\">\n\t\t\t<div class=\"edgtf-separator\"><\/div>\n\t\t<\/div>\n\t\t<div class=\"edgtf-testimonial-carousel-bottom\">\n\t\t\t\t\t\t\t\t\t\t<div class=\"edgtf-testimonial-author\">\n\t\t\t\t\t<span class=\"edgtf-testimonial-author-text\">\n\t\t\t\t\t\tBoucherie Sage\t\t\t\t\t<\/span>\n\t\t\t\t\t\t\t\t\t<\/div>\n\t\t\t\t\t<\/div>\n\t<\/div>\n<\/div>\n<div class=\"edgtf-testimonial-content edgtf-testimonials8334\">\n\t<div class=\"edgtf-testimonial-content-inner\">\n\t\t<span class=\"edgtf-testimonials-quotes\">&ldquo;<\/span>\n\t\t<div class=\"edgtf-testimonial-text-outer\">\n\t\t\t<p class=\"edgtf-testimonial-text\">Une alliance surprenante de puissance et de d\u00e9licatesse, \u00e0 l'image des grands vins de Bourgogne<\/p>\n\t\t<\/div>\n\t\t<div class=\"edgtf-separator-holder clearfix edgtf-separator-left\">\n\t\t\t<div class=\"edgtf-separator\"><\/div>\n\t\t<\/div>\n\t\t<div class=\"edgtf-testimonial-carousel-bottom\">\n\t\t\t\t\t\t\t\t\t\t<div class=\"edgtf-testimonial-author\">\n\t\t\t\t\t<span class=\"edgtf-testimonial-author-text\">\n\t\t\t\t\t\tRestaurant L&#039;Impertinent\t\t\t\t\t<\/span>\n\t\t\t\t\t\t\t\t\t<\/div>\n\t\t\t\t\t<\/div>\n\t<\/div>\n<\/div>\n<div class=\"edgtf-testimonial-content edgtf-testimonials8335\">\n\t<div class=\"edgtf-testimonial-content-inner\">\n\t\t<span class=\"edgtf-testimonials-quotes\">&ldquo;<\/span>\n\t\t<div class=\"edgtf-testimonial-text-outer\">\n\t\t\t<p class=\"edgtf-testimonial-text\">Commercialiser cette viande c'est promouvoir une agriculture non intensive, \u00e0 petite \u00e9chelle et de qualit\u00e9.<\/p>\n\t\t<\/div>\n\t\t<div class=\"edgtf-separator-holder clearfix edgtf-separator-left\">\n\t\t\t<div class=\"edgtf-separator\"><\/div>\n\t\t<\/div>\n\t\t<div class=\"edgtf-testimonial-carousel-bottom\">\n\t\t\t\t\t\t\t\t\t\t<div class=\"edgtf-testimonial-author\">\n\t\t\t\t\t<span class=\"edgtf-testimonial-author-text\">\n\t\t\t\t\t\tM Hiriart-Solet\t\t\t\t\t<\/span>\n\t\t\t\t\t\t\t\t\t\t\t\/ <span class=\"edgtf-testimonials-job\">Boucher<\/span>\n\t\t\t\t\t\t\t\t\t<\/div>\n\t\t\t\t\t<\/div>\n\t<\/div>\n<\/div>\n<\/div><\/div>[\/vc_column][\/vc_row][vc_row row_type=&#8221;parallax&#8221; full_screen_section_height=&#8221;no&#8221; css=&#8221;.vc_custom_1512657548158{padding-top: 450px !important;background-position: center !important;background-repeat: no-repeat !important;background-size: cover !important;}&#8221; parallax_background_image=&#8221;8246&#8243;][vc_column][\/vc_column][\/vc_row][vc_row content_width=&#8221;grid&#8221; anchor=&#8221;galerie&#8221; enable_cut_off_effect=&#8221;yes&#8221; cut_off_effect_top=&#8221;shallow&#8221; cut_off_effect_bottom=&#8221;shallow&#8221; css=&#8221;.vc_custom_1503931556183{padding-top: 60px !important;padding-bottom: 60px !important;background-color: #f9f9f9 !important;}&#8221; cut_off_effect_background=&#8221;#f9f9f9&#8243;][vc_column]\n<div class=\"edgtf-section-title edgtf-section-align-left\" style=\"font-size: 45px\">\n\t<span class=\"edgtf-section-number\">4\/<\/span> \tSasiko <span class=\"edgtf-section-highlighted\" style=\"color: #ce0b42\">Ageri zonbait<\/span><\/div><div class=\"edgtf-separator-holder clearfix  edgtf-separator-left\">\n\t<div class=\"edgtf-separator\" style=\"margin-top: 23px;margin-bottom: 25px\"><\/div>\n<\/div>\n<div class=\"edgtf-image-gallery\">\n\t<div class=\"edgtf-image-gallery-grid edgtf-gallery-columns-4 edgtf-gallery-with-space clearfix\" >\n\t\t\t\t\t<div class=\"edgtf-gallery-image\">\n\t\t\t\t\t\t\t\t\t<a href=\"https:\/\/sasiko.eus\/wp-content\/uploads\/2017\/08\/SASIKO-ARGAZKI-2.jpg\" data-rel=\"prettyPhoto[single_pretty_photo]\" title=\"SASIKO-ARGAZKI-2\">\n\t\t\t\t\t\t\t\t\t<div class=\"edgtf-ig-image-holder\">\n\t\t\t\t\t\t\t\t\t\t\t\t\t<img src=\"https:\/\/sasiko.eus\/wp-content\/uploads\/2017\/08\/SASIKO-ARGAZKI-2-300x300.jpg\" alt=\"\" width=\"300\" height=\"300\" \/>\t\t\t\t\t\t\t\t\t\t\t<\/div>\n\t\t\t\t\t\t\t\t\t<\/a>\n\t\t\t\t\t\t\t<\/div>\n\t\t\t\t\t<div class=\"edgtf-gallery-image\">\n\t\t\t\t\t\t\t\t\t<a href=\"https:\/\/sasiko.eus\/wp-content\/uploads\/2017\/08\/SASIKO-ARGAZKI-4.jpg\" data-rel=\"prettyPhoto[single_pretty_photo]\" title=\"SASIKO-ARGAZKI-4\">\n\t\t\t\t\t\t\t\t\t<div class=\"edgtf-ig-image-holder\">\n\t\t\t\t\t\t\t\t\t\t\t\t\t<img src=\"https:\/\/sasiko.eus\/wp-content\/uploads\/2017\/08\/SASIKO-ARGAZKI-4-300x300.jpg\" alt=\"\" width=\"300\" height=\"300\" \/>\t\t\t\t\t\t\t\t\t\t\t<\/div>\n\t\t\t\t\t\t\t\t\t<\/a>\n\t\t\t\t\t\t\t<\/div>\n\t\t\t\t\t<div class=\"edgtf-gallery-image\">\n\t\t\t\t\t\t\t\t\t<a href=\"https:\/\/sasiko.eus\/wp-content\/uploads\/2017\/08\/SASIKO-ARGAZKI-3.jpg\" data-rel=\"prettyPhoto[single_pretty_photo]\" title=\"SASIKO-ARGAZKI-3\">\n\t\t\t\t\t\t\t\t\t<div class=\"edgtf-ig-image-holder\">\n\t\t\t\t\t\t\t\t\t\t\t\t\t<img src=\"https:\/\/sasiko.eus\/wp-content\/uploads\/2017\/08\/SASIKO-ARGAZKI-3-300x300.jpg\" alt=\"\" width=\"300\" height=\"300\" \/>\t\t\t\t\t\t\t\t\t\t\t<\/div>\n\t\t\t\t\t\t\t\t\t<\/a>\n\t\t\t\t\t\t\t<\/div>\n\t\t\t\t\t<div class=\"edgtf-gallery-image\">\n\t\t\t\t\t\t\t\t\t<a href=\"https:\/\/sasiko.eus\/wp-content\/uploads\/2017\/08\/SASIKO-ARGAZKI-1.jpg\" data-rel=\"prettyPhoto[single_pretty_photo]\" title=\"SASIKO-ARGAZKI-1\">\n\t\t\t\t\t\t\t\t\t<div class=\"edgtf-ig-image-holder\">\n\t\t\t\t\t\t\t\t\t\t\t\t\t<img src=\"https:\/\/sasiko.eus\/wp-content\/uploads\/2017\/08\/SASIKO-ARGAZKI-1-300x300.jpg\" alt=\"\" width=\"300\" height=\"300\" \/>\t\t\t\t\t\t\t\t\t\t\t<\/div>\n\t\t\t\t\t\t\t\t\t<\/a>\n\t\t\t\t\t\t\t<\/div>\n\t\t\t\t\t<div class=\"edgtf-gallery-image\">\n\t\t\t\t\t\t\t\t\t<a href=\"https:\/\/sasiko.eus\/wp-content\/uploads\/2017\/08\/SASIKO-ARGAZKI-5.jpg\" data-rel=\"prettyPhoto[single_pretty_photo]\" title=\"SASIKO-ARGAZKI-5\">\n\t\t\t\t\t\t\t\t\t<div class=\"edgtf-ig-image-holder\">\n\t\t\t\t\t\t\t\t\t\t\t\t\t<img src=\"https:\/\/sasiko.eus\/wp-content\/uploads\/2017\/08\/SASIKO-ARGAZKI-5-300x300.jpg\" alt=\"\" width=\"300\" height=\"300\" \/>\t\t\t\t\t\t\t\t\t\t\t<\/div>\n\t\t\t\t\t\t\t\t\t<\/a>\n\t\t\t\t\t\t\t<\/div>\n\t\t\t\t\t<div class=\"edgtf-gallery-image\">\n\t\t\t\t\t\t\t\t\t<a href=\"https:\/\/sasiko.eus\/wp-content\/uploads\/2017\/08\/SASIKO-ARGAZKI-7.jpg\" data-rel=\"prettyPhoto[single_pretty_photo]\" title=\"SASIKO-ARGAZKI-7\">\n\t\t\t\t\t\t\t\t\t<div class=\"edgtf-ig-image-holder\">\n\t\t\t\t\t\t\t\t\t\t\t\t\t<img src=\"https:\/\/sasiko.eus\/wp-content\/uploads\/2017\/08\/SASIKO-ARGAZKI-7-300x300.jpg\" alt=\"\" width=\"300\" height=\"300\" \/>\t\t\t\t\t\t\t\t\t\t\t<\/div>\n\t\t\t\t\t\t\t\t\t<\/a>\n\t\t\t\t\t\t\t<\/div>\n\t\t\t\t\t<div class=\"edgtf-gallery-image\">\n\t\t\t\t\t\t\t\t\t<a href=\"https:\/\/sasiko.eus\/wp-content\/uploads\/2017\/08\/SASIKO-ARGAZKI-6.jpg\" data-rel=\"prettyPhoto[single_pretty_photo]\" title=\"SASIKO-ARGAZKI-6\">\n\t\t\t\t\t\t\t\t\t<div class=\"edgtf-ig-image-holder\">\n\t\t\t\t\t\t\t\t\t\t\t\t\t<img src=\"https:\/\/sasiko.eus\/wp-content\/uploads\/2017\/08\/SASIKO-ARGAZKI-6-300x300.jpg\" alt=\"\" width=\"300\" height=\"300\" \/>\t\t\t\t\t\t\t\t\t\t\t<\/div>\n\t\t\t\t\t\t\t\t\t<\/a>\n\t\t\t\t\t\t\t<\/div>\n\t\t\t\t\t<div class=\"edgtf-gallery-image\">\n\t\t\t\t\t\t\t\t\t<a href=\"https:\/\/sasiko.eus\/wp-content\/uploads\/2017\/08\/SASIKO-ARGAZKIA.jpg\" data-rel=\"prettyPhoto[single_pretty_photo]\" title=\"SASIKO-ARGAZKIA\">\n\t\t\t\t\t\t\t\t\t<div class=\"edgtf-ig-image-holder\">\n\t\t\t\t\t\t\t\t\t\t\t\t\t<img src=\"https:\/\/sasiko.eus\/wp-content\/uploads\/2017\/08\/SASIKO-ARGAZKIA-300x300.jpg\" alt=\"\" width=\"300\" height=\"300\" \/>\t\t\t\t\t\t\t\t\t\t\t<\/div>\n\t\t\t\t\t\t\t\t\t<\/a>\n\t\t\t\t\t\t\t<\/div>\n\t\t\t<\/div>\n<\/div>[\/vc_column][\/vc_row][vc_row content_width=&#8221;grid&#8221; enable_cut_off_effect=&#8221;yes&#8221; cut_off_effect_top=&#8221;shallow&#8221; cut_off_effect_bottom=&#8221;shallow&#8221; css=&#8221;.vc_custom_1516873263577{padding-bottom: 100px !important;background-color: #f9f9f9 !important;}&#8221; cut_off_effect_background=&#8221;#f9f9f9&#8243;][vc_column][vc_row_inner][vc_column_inner width=&#8221;1\/2&#8243;][vc_video link=&#8221;https:\/\/www.youtube.com\/watch?v=t78Fl-gC1jk&#8221;][\/vc_column_inner][vc_column_inner width=&#8221;1\/2&#8243;][vc_single_image image=&#8221;8336&#8243; img_size=&#8221;full&#8221; add_caption=&#8221;yes&#8221; onclick=&#8221;custom_link&#8221; img_link_target=&#8221;_blank&#8221; link=&#8221;http:\/\/next.liberation.fr\/food\/2014\/10\/17\/sasi-ardi-revenons-a-nos-moutons_1124118&#8243; el_id=&#8221;libe&#8221;][\/vc_column_inner][\/vc_row_inner][\/vc_column][\/vc_row][vc_row row_type=&#8221;parallax&#8221; full_screen_section_height=&#8221;no&#8221; css=&#8221;.vc_custom_1503929485679{padding-top: 450px !important;background-position: center !important;background-repeat: no-repeat !important;background-size: cover !important;}&#8221; parallax_background_image=&#8221;8189&#8243;][vc_column][\/vc_column][\/vc_row][vc_row content_width=&#8221;grid&#8221; anchor=&#8221;contact&#8221; enable_cut_off_effect=&#8221;yes&#8221; cut_off_effect_top=&#8221;shallow&#8221; cut_off_effect_background=&#8221;#ffffff&#8221; css=&#8221;.vc_custom_1504214416668{margin-bottom: 40px !important;}&#8221;][vc_column offset=&#8221;vc_col-lg-6 vc_col-md-12&#8243;]<div class=\"edgtf-elements-holder edgtf-responsive-mode-768\" ><div class=\"edgtf-elements-holder-item \"  >\n\t\t<div class=\"edgtf-elements-holder-item-inner\">\n\t\t<div class=\"edgtf-elements-holder-item-content edgtf-elements-holder-custom-304674\" style=\"padding: 28px 13% 54px 0\">\n\t\t\t\t\t\t<style type=\"text\/css\" data-type=\"edgtf-elements-custom-padding\" scoped>\n\t\t\t\t\t\t\t\t\t@media only screen and (min-width: 1280px) and (max-width: 1440px) {\n\t\t\t\t\t\t.edgtf-elements-holder-item-content.edgtf-elements-holder-custom-304674 {\n\t\t\t\t\t\t\tpadding: 0px 13% 54px 0 !important;\n\t\t\t\t\t\t}\n\t\t\t\t\t}\n\t\t\t\t\t\t\t\t\t\t\t\t\t@media only screen and (min-width: 1024px) and (max-width: 1280px) {\n\t\t\t\t\t\t.edgtf-elements-holder-item-content.edgtf-elements-holder-custom-304674 {\n\t\t\t\t\t\t\tpadding: 0px 7% 29px 0 !important;\n\t\t\t\t\t\t}\n\t\t\t\t\t}\n\t\t\t\t\t\t\t\t\t\t\t\t\t@media only screen and (min-width: 768px) and (max-width: 1024px) {\n\t\t\t\t\t\t.edgtf-elements-holder-item-content.edgtf-elements-holder-custom-304674 {\n\t\t\t\t\t\t\tpadding: 0px 10% 70px 0 !important;\n\t\t\t\t\t\t}\n\t\t\t\t\t}\n\t\t\t\t\t\t\t\t\t\t\t\t\t@media only screen and (min-width: 600px) and (max-width: 768px) {\n\t\t\t\t\t\t.edgtf-elements-holder-item-content.edgtf-elements-holder-custom-304674 {\n\t\t\t\t\t\t\tpadding: 0px 5% 70px 0 !important;\n\t\t\t\t\t\t}\n\t\t\t\t\t}\n\t\t\t\t\t\t\t\t\t\t\t\t\t@media only screen and (min-width: 480px) and (max-width: 600px) {\n\t\t\t\t\t\t.edgtf-elements-holder-item-content.edgtf-elements-holder-custom-304674 {\n\t\t\t\t\t\t\tpadding: 0px 0% 70px 0 !important;\n\t\t\t\t\t\t}\n\t\t\t\t\t}\n\t\t\t\t\t\t\t\t\t\t\t\t\t@media only screen and (max-width: 480px) {\n\t\t\t\t\t\t.edgtf-elements-holder-item-content.edgtf-elements-holder-custom-304674 {\n\t\t\t\t\t\t\tpadding: 0px 0% 70px 0 !important;\n\t\t\t\t\t\t}\n\t\t\t\t\t}\n\t\t\t\t\t\t\t\t<\/style>\n\t\t\t\t\t\t\n<div class=\"edgtf-section-title edgtf-section-align-left\" style=\"font-size: 45px\">\n\t<span class=\"edgtf-section-number\">5\/<\/span> \tHarremanetan <span class=\"edgtf-section-highlighted\" style=\"color: #ce0b42\">Sartu<\/span><\/div><div class=\"edgtf-separator-holder clearfix  edgtf-separator-left\">\n\t<div class=\"edgtf-separator\" style=\"margin-top: 23px;margin-bottom: 17px\"><\/div>\n<\/div>\n[vc_empty_space height=&#8221;16px&#8221;][vc_empty_space height=&#8221;16px&#8221;]<div class=\"edgtf-icon-list-item\">\n\t<div class=\"edgtf-icon-list-icon-holder\">\n        <div class=\"edgtf-icon-list-icon-holder-inner clearfix\">\n\t\t\t<i class=\"edgtf-icon-font-awesome fa fa-map-marker \" style=\"color:#7c7c7c;font-size:22px\" ><\/i>\t\t<\/div>\n\t<\/div>\n\t<span class=\"edgtf-icon-list-text\" style=\"font-size:15px\" > Sasi Artalde elakartea, Herriko Etxea, 64 310 SARA<\/span>\n<\/div>[vc_empty_space height=&#8221;16px&#8221;]<div class=\"edgtf-icon-list-item\">\n\t<div class=\"edgtf-icon-list-icon-holder\">\n        <div class=\"edgtf-icon-list-icon-holder-inner clearfix\">\n\t\t\t<i class=\"edgtf-icon-font-awesome fa fa-phone \" style=\"color:#7c7c7c;font-size:22px\" ><\/i>\t\t<\/div>\n\t<\/div>\n\t<span class=\"edgtf-icon-list-text\" style=\"font-size:15px\" > 05 59 29 55 55<\/span>\n<\/div>[vc_empty_space height=&#8221;16px&#8221;]<div class=\"edgtf-icon-list-item\">\n\t<div class=\"edgtf-icon-list-icon-holder\">\n        <div class=\"edgtf-icon-list-icon-holder-inner clearfix\">\n\t\t\t<i class=\"edgtf-icon-font-awesome fa fa-envelope \" style=\"color:#7c7c7c;font-size:20px\" ><\/i>\t\t<\/div>\n\t<\/div>\n\t<span class=\"edgtf-icon-list-text\" style=\"font-size:15px\" > info@sasiko.eus<\/span>\n<\/div>\t\t<\/div>\n\t<\/div>\n<\/div><\/div>[\/vc_column][vc_column offset=&#8221;vc_col-lg-6 vc_col-md-12&#8243; css=&#8221;.vc_custom_1503916600221{margin-top: 60px !important;}&#8221;]<div role=\"form\" class=\"wpcf7\" id=\"wpcf7-f8170-o1\" lang=\"fr-FR\" dir=\"ltr\">\n<div class=\"screen-reader-response\"><\/div>\n<form action=\"\/eu\/wp-json\/wp\/v2\/pages\/8286#wpcf7-f8170-o1\" method=\"post\" class=\"wpcf7-form cf7_custom_style_2\" novalidate=\"novalidate\">\n<div style=\"display: none;\">\n<input type=\"hidden\" name=\"_wpcf7\" value=\"8170\" \/>\n<input type=\"hidden\" name=\"_wpcf7_version\" value=\"5.0.1\" \/>\n<input type=\"hidden\" name=\"_wpcf7_locale\" value=\"fr_FR\" \/>\n<input type=\"hidden\" name=\"_wpcf7_unit_tag\" value=\"wpcf7-f8170-o1\" \/>\n<input type=\"hidden\" name=\"_wpcf7_container_post\" value=\"0\" \/>\n<\/div>\n<div class=\"row form-group\">\n<div class=\"col-xs-12\"><span class=\"wpcf7-form-control-wrap name\"><input type=\"text\" name=\"name\" value=\"\" size=\"40\" class=\"wpcf7-form-control wpcf7-text wpcf7-validates-as-required\" aria-required=\"true\" aria-invalid=\"false\" placeholder=\"VOTRE NOM *\" \/><\/span><\/div>\n<\/div>\n<div class=\"row form-group\">\n<div class=\"col-xs-12\"><span class=\"wpcf7-form-control-wrap email\"><input type=\"email\" name=\"email\" value=\"\" size=\"40\" class=\"wpcf7-form-control wpcf7-text wpcf7-email wpcf7-validates-as-required wpcf7-validates-as-email\" aria-required=\"true\" aria-invalid=\"false\" placeholder=\"VOTRE E-MAIL *\" \/><\/span><\/div>\n<\/div>\n<div class=\"row form-group\">\n<div class=\"col-xs-12\"><span class=\"wpcf7-form-control-wrap tel\"><input type=\"text\" name=\"tel\" value=\"\" size=\"40\" class=\"wpcf7-form-control wpcf7-text wpcf7-validates-as-required\" aria-required=\"true\" aria-invalid=\"false\" placeholder=\"VOTRE T\u00c9L\u00c9PHONE *\" \/><\/span><\/div>\n<\/div>\n<div class=\"row form-group\">\n<div class=\"col-xs-12\"><span class=\"wpcf7-form-control-wrap subject\"><input type=\"text\" name=\"subject\" value=\"\" size=\"40\" class=\"wpcf7-form-control wpcf7-text wpcf7-validates-as-required\" aria-required=\"true\" aria-invalid=\"false\" placeholder=\"SUJET *\" \/><\/span><\/div>\n<\/div>\n<div class=\"row form-group\">\n<div class=\"col-xs-12\"><span class=\"wpcf7-form-control-wrap message\"><input type=\"text\" name=\"message\" value=\"\" size=\"40\" class=\"wpcf7-form-control wpcf7-text wpcf7-validates-as-required height100\" aria-required=\"true\" aria-invalid=\"false\" placeholder=\"MESSAGE *\" \/><\/span><\/div>\n<\/div>\n<div class=\"row form-group\">\n<div class=\"col-xs-12\"><input type=\"submit\" value=\"ENVOYER\" class=\"wpcf7-form-control wpcf7-submit btn btn-primary bgr7 st_button_contact\" \/><\/div>\n<\/div>\n<div class=\"wpcf7-response-output wpcf7-display-none\"><\/div><\/form><\/div>[\/vc_column][\/vc_row][vc_row content_aligment=&#8221;center&#8221;][vc_column][vc_column_text]<div id=\"sb-google-map-1\" map-id=\"1\" class=\"sb-map\" zoom=\"11\" maptype=\"ROADMAP\" pancontrol=\"yes\" pancontrol_position=\"TOP_LEFT\" zoomcontrol=\"yes\" zoomcontrol_position=\"TOP_LEFT\" zoomcontrolstyle=\"DEFAULT\" maptypecontrol=\"yes\" maptypecontrol_position=\"TOP_RIGHT\" streetviewcontrol=\"yes\" streetviewcontrol_position=\"TOP_LEFT\" overviewmapcontrol=\"yes\" overviewmapcontrolvisible=\"yes\" maptypecontrolstyle=\"DEFAULT\" mapstyle=\"style-2\" weather=\"no\" traffic=\"no\" transit=\"no\" bicycle=\"no\" panoramio=\"no\" draggable=\"yes\" scrollwheel=\"no\" cplatitude=\"0\" cplongitude=\"0\" scalecontrol=\"yes\" searchtype=\"disabled\" searchradius=\"500\" searchiconanimation=\"NONE\" searchdirectiontext=\"view directions\" reloadonresize=\"yes\" clustering=\"no\" style=\"width:100%;height:750px\"><div class=\"sb-marker\" data-lat=\"43.325657678256\" data-lng=\"-1.3178748175437\" infowindow=\"no\" icon=\"https:\/\/sasiko.eus\/wp-content\/plugins\/sb-google-map\/assets\/img\/icons\/red-10.png\" animation=\"NONE\">Fran\u00e7ois AMESTOY\r\n<br> 191 ameztoiko bidea <br>\r\n64240 MACAYE <br>\r\n06 86 12 73 00\t<br>francoisamestoy@orange.fr<br \/><a target=\"_blank\" href=\"https:\/\/maps.google.com\/?daddr=43.325657678256,-1.3178748175437\">DIRECTION<\/a><\/div><div class=\"sb-marker\" data-lat=\"43.286754168432\" data-lng=\"-1.0257574598737\" infowindow=\"no\" icon=\"https:\/\/sasiko.eus\/wp-content\/plugins\/sb-google-map\/assets\/img\/icons\/red-10.png\" animation=\"NONE\">Pierre Marie GOSSELIN \r\n<br> 245 Chemin ttokotegia <br>\r\n64120 UHART MIXE\r\n<br>\r\n06 18 51 99 58\r\n<br>pm.gosselin@gmail.com<br \/><a target=\"_blank\" href=\"https:\/\/maps.google.com\/?daddr=43.286754168432,-1.0257574598737\">DIRECTION<\/a><\/div><div class=\"sb-marker\" data-lat=\"43.0784052\" data-lng=\"-1.4165594\" infowindow=\"no\" icon=\"https:\/\/sasiko.eus\/wp-content\/plugins\/sb-google-map\/assets\/img\/icons\/blue-10.png\" animation=\"NONE\">Christian ARRETCHE\r\n<br>Maison Lantziria<br>\r\n64430 UREPEL\r\n<br>\r\n06 87 56 13 62<br \/><a target=\"_blank\" href=\"https:\/\/maps.google.com\/?daddr=43.0784052,-1.4165594\">DIRECTION<\/a><\/div><div class=\"sb-marker\" data-lat=\"43.3996019\" data-lng=\"-1.2893306\" infowindow=\"no\" icon=\"https:\/\/sasiko.eus\/wp-content\/plugins\/sb-google-map\/assets\/img\/icons\/green-10.png\" animation=\"NONE\">Gabriel DURRUTY\r\n<br>Maison Panixtonia\r\n<br>\r\n64240 HASPARREN\r\n<br>\r\n06 12 15 85 82<br>panixkas@yahoo.fr<br \/><a target=\"_blank\" href=\"https:\/\/maps.google.com\/?daddr=43.3996019,-1.2893306\">DIRECTION<\/a><\/div><div class=\"sb-marker\" data-lat=\"43.316212\" data-lng=\"-1.461882\" infowindow=\"no\" icon=\"https:\/\/sasiko.eus\/wp-content\/plugins\/sb-google-map\/assets\/img\/icons\/red-10.png\" animation=\"NONE\">Christophe ELISSALDE\r\n<br>Maison Halty\r\n<br>\r\n64250 ESPELETTE<br>\r\n06 66 99 21 00<br \/><a target=\"_blank\" href=\"https:\/\/maps.google.com\/?daddr=43.316212,-1.461882\">DIRECTION<\/a><\/div><div class=\"sb-marker\" data-lat=\"43.4017892\" data-lng=\"-1.321932\" infowindow=\"no\" icon=\"https:\/\/sasiko.eus\/wp-content\/plugins\/sb-google-map\/assets\/img\/icons\/blue-10.png\" animation=\"NONE\">Sylvain HECQUET <br> 9 chemin de Francessenia\r\n<br>\r\n64250 CAMBO-LES-BAINS <br>\r\n06 65 08 38 50 <br>fermeluchaenia@gmail.com<br \/><a target=\"_blank\" href=\"https:\/\/maps.google.com\/?daddr=43.4017892,-1.321932\">DIRECTION<\/a><\/div><div class=\"sb-marker\" data-lat=\"43.4332591\" data-lng=\"-1.3650426\" infowindow=\"no\" icon=\"https:\/\/sasiko.eus\/wp-content\/plugins\/sb-google-map\/assets\/img\/icons\/yellow-10.png\" animation=\"NONE\">Jean LASSALLE <br>Enseigne bidea<br>\r\n64240 HASPARREN<br>\r\n05 59 29 55 55<br \/><a target=\"_blank\" href=\"https:\/\/maps.google.com\/?daddr=43.4332591,-1.3650426\">DIRECTION<\/a><\/div><div class=\"sb-marker\" data-lat=\"43.0884891\" data-lng=\"-1.3929716\" infowindow=\"no\" icon=\"https:\/\/sasiko.eus\/wp-content\/plugins\/sb-google-map\/assets\/img\/icons\/red-10.png\" animation=\"NONE\">Jean-Michel FALXA\r\n<br>Olhaberrieta\r\n<br>\r\n6430 BANCA<br>\r\n06 78 14 26 50 \/05 59 37 42 19<br \/><a target=\"_blank\" href=\"https:\/\/maps.google.com\/?daddr=43.0884891,-1.3929716\">DIRECTION<\/a><\/div><div class=\"sb-marker\" data-lat=\"43.1311742\" data-lng=\"-1.3674566\" infowindow=\"no\" icon=\"https:\/\/sasiko.eus\/wp-content\/plugins\/sb-google-map\/assets\/img\/icons\/red-10.png\" animation=\"NONE\">Asier RECARTE\r\n<br>Maison Xangala\r\n<br>\r\n6430 BANCA<br>\r\n06 78 59 69 87<br \/><a target=\"_blank\" href=\"https:\/\/maps.google.com\/?daddr=43.1311742,-1.3674566\">DIRECTION<\/a><\/div><div class=\"sb-marker\" data-lat=\"43.3104331\" data-lng=\"-1.4697235\" infowindow=\"no\" icon=\"https:\/\/sasiko.eus\/wp-content\/plugins\/sb-google-map\/assets\/img\/icons\/green-10.png\" animation=\"NONE\">Panpi OLAIZOLA\r\n<br> 805, Belazkabietako bidea\r\n<br>\r\n64250 ESPELETTE\r\n<br>06 08 78 31 96\r\n<br>gaecbelazkabieta@gmail.com<br \/><a target=\"_blank\" href=\"https:\/\/maps.google.com\/?daddr=43.3104331,-1.4697235\">DIRECTION<\/a><\/div><div class=\"sb-marker\" data-lat=\"43.3287381\" data-lng=\"-1.3952326\" infowindow=\"no\" icon=\"https:\/\/sasiko.eus\/wp-content\/plugins\/sb-google-map\/assets\/img\/icons\/blue-10.png\" animation=\"NONE\">Jean-Paul IRIQUIN\r\n<br>Olasur Etcheberria\r\n<br>\r\n64250 ITXASSOU\r\n<br>06 20 23 04 26\r\n<br>iriquin.jpm@orange.fr<br \/><a target=\"_blank\" href=\"https:\/\/maps.google.com\/?daddr=43.3287381,-1.3952326\">DIRECTION<\/a><\/div><div class=\"sb-marker\" data-lat=\"43.1813527\" data-lng=\"-1.3057246\" infowindow=\"no\" icon=\"https:\/\/sasiko.eus\/wp-content\/plugins\/sb-google-map\/assets\/img\/icons\/blue-10.png\" animation=\"NONE\">Mirentxu MATEO et Filipe de OREGUY\r\n<br>Bordaxuri\r\n<br>\r\n64220 IROULEGUY\r\n<br>06 40 89 08 80\r\n<br>mirentxu.mateo@wanadoo.fr<br \/><a target=\"_blank\" href=\"https:\/\/maps.google.com\/?daddr=43.1813527,-1.3057246\">DIRECTION<\/a><\/div><div class=\"sb-marker\" data-lat=\"43.066859797404\" data-lng=\"-0.87897909834903\" infowindow=\"no\" icon=\"https:\/\/sasiko.eus\/wp-content\/plugins\/sb-google-map\/assets\/img\/icons\/blue-10.png\" animation=\"NONE\">Amaia LARRONDE et Bastien GARAT\r\n<br> Ansola\r\n<br>\r\n64560 LICQ-ATHEREY\r\n<br> 06 87 84 98 30\r\n<br>bastiengarat@yahoo.fr<br \/><a target=\"_blank\" href=\"https:\/\/maps.google.com\/?daddr=43.066859797404,-0.87897909834903\">DIRECTION<\/a><\/div><div class=\"sb-marker\" data-lat=\"43.24490857632\" data-lng=\"-1.2838284644081\" infowindow=\"no\" icon=\"https:\/\/sasiko.eus\/wp-content\/plugins\/sb-google-map\/assets\/img\/icons\/blue-10.png\" animation=\"NONE\">Mixel COSTA\r\n<br> Eiherasaria <br>320 Ugarzanek \u2013 Maison Eyheri\r\n<br>\r\n64780 OSSES\r\n<br> 06 86 63 38 47\r\n<br>mixel64@hotmail.fr<br \/><a target=\"_blank\" href=\"https:\/\/maps.google.com\/?daddr=43.24490857632,-1.2838284644081\">DIRECTION<\/a><\/div><div class=\"sb-marker\" data-lat=\"43.307347579501\" data-lng=\"-1.4977508612475\" infowindow=\"no\" icon=\"https:\/\/sasiko.eus\/wp-content\/plugins\/sb-google-map\/assets\/img\/icons\/blue-10.png\" animation=\"NONE\">Laurent LAGARDE <br> Etxexuriko borda <br>quartier Rokos\r\n<br>\r\n64250 AINHOA\r\n<br> 06 24 46 42 16<br \/><a target=\"_blank\" href=\"https:\/\/maps.google.com\/?daddr=43.307347579501,-1.4977508612475\">DIRECTION<\/a><\/div><div class=\"sb-marker\" data-lat=\"43.141286361919\" data-lng=\"-1.1953831059603\" infowindow=\"no\" icon=\"https:\/\/sasiko.eus\/wp-content\/plugins\/sb-google-map\/assets\/img\/icons\/red-10.png\" animation=\"NONE\">Argitxu et Estebe OURET <br> 1247 route de Maldarro Etxeberrigaraia \r\n<br>\r\n64220 AINCILLE\r\n<br> 06 85 62 01 94<br \/><a target=\"_blank\" href=\"https:\/\/maps.google.com\/?daddr=43.141286361919,-1.1953831059603\">DIRECTION<\/a><\/div><div class=\"sb-marker\" data-lat=\"43.329334738872\" data-lng=\"-1.3223787735116\" infowindow=\"no\" icon=\"https:\/\/sasiko.eus\/wp-content\/plugins\/sb-google-map\/assets\/img\/icons\/yellow-10.png\" animation=\"NONE\">Xabi OXARANGO <br>64240 MACAYE<br \/><a target=\"_blank\" href=\"https:\/\/maps.google.com\/?daddr=43.329334738872,-1.3223787735116\">DIRECTION<\/a><\/div><div class=\"sb-marker\" data-lat=\"43.095875958791\" data-lng=\"-1.4255106741708\" infowindow=\"no\" icon=\"https:\/\/sasiko.eus\/wp-content\/plugins\/sb-google-map\/assets\/img\/icons\/green-10.png\" animation=\"NONE\">Jean-Marc URRICARIET <br> Maison Haritz-Aldea \r\n<br>\r\n64430 ALDUDES <br> 06 76 82 86 49<br \/><a target=\"_blank\" href=\"https:\/\/maps.google.com\/?daddr=43.095875958791,-1.4255106741708\">DIRECTION<\/a><\/div><\/div>[\/vc_column_text][\/vc_column][\/vc_row][vc_row content_width=&#8221;grid&#8221; enable_cut_off_effect=&#8221;yes&#8221; cut_off_effect_bottom=&#8221;shallow&#8221; css=&#8221;.vc_custom_1512657699391{padding-top: 60px !important;padding-bottom: 105px !important;}&#8221; cut_off_effect_background=&#8221;#ffffff&#8221;][vc_column]\n<div class=\"edgtf-section-title edgtf-section-align-left\" style=\"font-size: 45px\">\n\t<span class=\"edgtf-section-number\">6\/<\/span> \tGure <span class=\"edgtf-section-highlighted\" style=\"color: #ce0b42\">Partaideak<\/span><\/div><div class=\"edgtf-separator-holder clearfix  edgtf-separator-left\">\n\t<div class=\"edgtf-separator\" style=\"margin-top: 23px;margin-bottom: 17px\"><\/div>\n<\/div>\n<div class=\"edgtf-carousel-holder clearfix\"><div class=\"edgtf-carousel edgtf-slick-slider-navigation-style\" data-items=\"5\" data-arrows-navigation=\"yes\" data-dots-navigation=\"no\"><div class=\"edgtf-carousel-item-holder\">\n\t\t<a href=\"#\" target=\"_blank\">\n\t\t\t\t\t\t<span class=\"edgtf-carousel-first-image-holder  edgtf-roll-over\">\n\t\t\t\t<img src=\"https:\/\/sasiko.eus\/wp-content\/uploads\/2017\/10\/zz.jpg\" alt=\"NOUVELLE AQUITAINE\">\n\t\t\t<\/span>\n\t\t\t\t\t\t\t<span class=\"edgtf-carousel-roll-over-image-holder  edgtf-roll-over\">\n\t\t\t\t\t<img src=\"https:\/\/sasiko.eus\/wp-content\/uploads\/2017\/10\/zz.jpg\" alt=\"NOUVELLE AQUITAINE\">\n\t\t\t\t<\/span>\n\t\t\t\t\t\t\t\t\t<\/a>\n\t<\/div><div class=\"edgtf-carousel-item-holder\">\n\t\t<a href=\"#\" target=\"_blank\">\n\t\t\t\t\t\t<span class=\"edgtf-carousel-first-image-holder  edgtf-roll-over\">\n\t\t\t\t<img src=\"https:\/\/sasiko.eus\/wp-content\/uploads\/2017\/10\/ii.jpg\" alt=\"SASI ARDI KONFEDARAZIOA\">\n\t\t\t<\/span>\n\t\t\t\t\t\t\t<span class=\"edgtf-carousel-roll-over-image-holder  edgtf-roll-over\">\n\t\t\t\t\t<img src=\"https:\/\/sasiko.eus\/wp-content\/uploads\/2017\/10\/ii.jpg\" alt=\"SASI ARDI KONFEDARAZIOA\">\n\t\t\t\t<\/span>\n\t\t\t\t\t\t\t\t\t<\/a>\n\t<\/div><div class=\"edgtf-carousel-item-holder\">\n\t\t<a href=\"#\" target=\"_blank\">\n\t\t\t\t\t\t<span class=\"edgtf-carousel-first-image-holder  edgtf-roll-over\">\n\t\t\t\t<img src=\"https:\/\/sasiko.eus\/wp-content\/uploads\/2017\/10\/a.jpg\" alt=\"FONDATION PATRIMOINE\">\n\t\t\t<\/span>\n\t\t\t\t\t\t\t<span class=\"edgtf-carousel-roll-over-image-holder  edgtf-roll-over\">\n\t\t\t\t\t<img src=\"https:\/\/sasiko.eus\/wp-content\/uploads\/2017\/10\/a.jpg\" alt=\"FONDATION PATRIMOINE\">\n\t\t\t\t<\/span>\n\t\t\t\t\t\t\t\t\t<\/a>\n\t<\/div><div class=\"edgtf-carousel-item-holder\">\n\t\t<a href=\"#\" target=\"_blank\">\n\t\t\t\t\t\t<span class=\"edgtf-carousel-first-image-holder  edgtf-roll-over\">\n\t\t\t\t<img src=\"https:\/\/sasiko.eus\/wp-content\/uploads\/2017\/10\/Sans-titre-1.jpg\" alt=\"CONSERVATOIRES DES RACES D&#8217;AQUITAINE\">\n\t\t\t<\/span>\n\t\t\t\t\t\t\t<span class=\"edgtf-carousel-roll-over-image-holder  edgtf-roll-over\">\n\t\t\t\t\t<img src=\"https:\/\/sasiko.eus\/wp-content\/uploads\/2017\/10\/Sans-titre-1.jpg\" alt=\"CONSERVATOIRES DES RACES D&#8217;AQUITAINE\">\n\t\t\t\t<\/span>\n\t\t\t\t\t\t\t\t\t<\/a>\n\t<\/div><div class=\"edgtf-carousel-item-holder\">\n\t\t<a href=\"http:\/\/www.ehlgbai.org\" target=\"_blank\">\n\t\t\t\t\t\t<span class=\"edgtf-carousel-first-image-holder  edgtf-roll-over\">\n\t\t\t\t<img src=\"https:\/\/sasiko.eus\/wp-content\/uploads\/2017\/10\/EHLG.jpg\" alt=\"EHLG\">\n\t\t\t<\/span>\n\t\t\t\t\t\t\t<span class=\"edgtf-carousel-roll-over-image-holder  edgtf-roll-over\">\n\t\t\t\t\t<img src=\"https:\/\/sasiko.eus\/wp-content\/uploads\/2017\/10\/EHLG.jpg\" alt=\"EHLG\">\n\t\t\t\t<\/span>\n\t\t\t\t\t\t\t\t\t<\/a>\n\t<\/div><div class=\"edgtf-carousel-item-holder\">\n\t\t<a href=\"https:\/\/www.euroregion-naen.eu\/\" target=\"_blank\">\n\t\t\t\t\t\t<span class=\"edgtf-carousel-first-image-holder  edgtf-roll-over\">\n\t\t\t\t<img src=\"https:\/\/sasiko.eus\/wp-content\/uploads\/2022\/01\/euroregion.jpg\" alt=\"Euroregion\">\n\t\t\t<\/span>\n\t\t\t\t\t\t\t<span class=\"edgtf-carousel-roll-over-image-holder  edgtf-roll-over\">\n\t\t\t\t\t<img src=\"https:\/\/sasiko.eus\/wp-content\/uploads\/2022\/01\/euroregion.jpg\" alt=\"Euroregion\">\n\t\t\t\t<\/span>\n\t\t\t\t\t\t\t\t\t<\/a>\n\t<\/div><div class=\"edgtf-carousel-item-holder\">\n\t\t\t\t\t\t<span class=\"edgtf-carousel-first-image-holder  edgtf-roll-over\">\n\t\t\t\t<img src=\"https:\/\/sasiko.eus\/wp-content\/uploads\/2018\/01\/ADEPFO.jpg\" alt=\"ADEPFO\">\n\t\t\t<\/span>\n\t\t\t\t\t\t\t<span class=\"edgtf-carousel-roll-over-image-holder  edgtf-roll-over\">\n\t\t\t\t\t<img src=\"https:\/\/sasiko.eus\/wp-content\/uploads\/2018\/01\/ADEPFO.jpg\" alt=\"ADEPFO\">\n\t\t\t\t<\/span>\n\t\t\t\t\t\t\t\t<\/div><div class=\"edgtf-carousel-item-holder\">\n\t\t<a href=\"https:\/\/www.intiasa.es\/web\/fr\" target=\"_blank\">\n\t\t\t\t\t\t<span class=\"edgtf-carousel-first-image-holder  edgtf-roll-over\">\n\t\t\t\t<img src=\"https:\/\/sasiko.eus\/wp-content\/uploads\/2022\/01\/intia.jpg\" alt=\"Intia\">\n\t\t\t<\/span>\n\t\t\t\t\t\t\t<span class=\"edgtf-carousel-roll-over-image-holder  edgtf-roll-over\">\n\t\t\t\t\t<img src=\"https:\/\/sasiko.eus\/wp-content\/uploads\/2022\/01\/intia.jpg\" alt=\"Intia\">\n\t\t\t\t<\/span>\n\t\t\t\t\t\t\t\t\t<\/a>\n\t<\/div><\/div><\/div>[\/vc_column][\/vc_row]<\/p>\n","protected":false},"excerpt":{"rendered":"<p>[vc_row css=&#8221;.vc_custom_1503929849687{background-image: url(https:\/\/sasiko.eus\/wp-content\/uploads\/2017\/08\/SASI-ARDI-BREBIS-sasiko.jpg?id=8180) !important;background-position: center !important;background-repeat: no-repeat !important;background-size: cover !important;}&#8221;][vc_column][rev_slider_vc alias=&#8221;sasiko-eus&#8221;][\/vc_column][\/vc_row][vc_row content_width=&#8221;grid&#8221; anchor=&#8221;sasiardi&#8221; css=&#8221;.vc_custom_1512652925483{margin-top: 50px !important;padding-bottom: 80px !important;}&#8221; el_class=&#8221;edgtf-rev-content-class&#8221;][vc_column offset=&#8221;vc_col-lg-6&#8243; css=&#8221;.vc_custom_1512652704017{margin-top: 0px !important;padding-right: 30px !important;}&#8221;][vc_empty_space height=&#8221;20px&#8221;][vc_column_text] Bere ohantzea Aiako Harriaren&#8230;<\/p>\n","protected":false},"author":2,"featured_media":0,"parent":0,"menu_order":0,"comment_status":"closed","ping_status":"closed","template":"full-width.php","meta":[],"_links":{"self":[{"href":"https:\/\/sasiko.eus\/eu\/wp-json\/wp\/v2\/pages\/8286"}],"collection":[{"href":"https:\/\/sasiko.eus\/eu\/wp-json\/wp\/v2\/pages"}],"about":[{"href":"https:\/\/sasiko.eus\/eu\/wp-json\/wp\/v2\/types\/page"}],"author":[{"embeddable":true,"href":"https:\/\/sasiko.eus\/eu\/wp-json\/wp\/v2\/users\/2"}],"replies":[{"embeddable":true,"href":"https:\/\/sasiko.eus\/eu\/wp-json\/wp\/v2\/comments?post=8286"}],"version-history":[{"count":35,"href":"https:\/\/sasiko.eus\/eu\/wp-json\/wp\/v2\/pages\/8286\/revisions"}],"predecessor-version":[{"id":8517,"href":"https:\/\/sasiko.eus\/eu\/wp-json\/wp\/v2\/pages\/8286\/revisions\/8517"}],"wp:attachment":[{"href":"https:\/\/sasiko.eus\/eu\/wp-json\/wp\/v2\/media?parent=8286"}],"curies":[{"name":"wp","href":"https:\/\/api.w.org\/{rel}","templated":true}]}}